{"id":99,"date":"2021-04-28T10:36:14","date_gmt":"2021-04-28T10:36:14","guid":{"rendered":"http:\/\/www.terapiavisualyauditiva.com\/?page_id=99"},"modified":"2021-07-06T07:28:14","modified_gmt":"2021-07-06T07:28:14","slug":"servicios","status":"publish","type":"page","link":"https:\/\/www.terapiavisualyauditiva.com\/?page_id=99","title":{"rendered":"Servicios"},"content":{"rendered":"\t\t<div data-elementor-type=\"wp-page\" data-elementor-id=\"99\" class=\"elementor elementor-99\">\n\t\t\t\t\t\t<section class=\"elementor-section elementor-top-section elementor-element elementor-element-e374502 elementor-section-boxed elementor-section-height-default elementor-section-height-default elementor-invisible\" data-id=\"e374502\" data-element_type=\"section\" data-e-type=\"section\" data-settings=\"{&quot;animation&quot;:&quot;bounceInLeft&quot;,&quot;background_background&quot;:&quot;classic&quot;}\">\n\t\t\t\t\t\t<div class=\"elementor-container elementor-column-gap-default\">\n\t\t\t\t\t<div class=\"elementor-column elementor-col-100 elementor-top-column elementor-element elementor-element-96cedcc\" data-id=\"96cedcc\" data-element_type=\"column\" data-e-type=\"column\">\n\t\t\t<div class=\"elementor-widget-wrap elementor-element-populated\">\n\t\t\t\t\t\t<div class=\"elementor-element elementor-element-26c3cea elementor-widget elementor-widget-text-editor\" data-id=\"26c3cea\" data-element_type=\"widget\" data-e-type=\"widget\" data-widget_type=\"text-editor.default\">\n\t\t\t\t<div class=\"elementor-widget-container\">\n\t\t\t\t\t\t\t\t\t<h1 style=\"text-align: center;\"><span style=\"color: #000080;\">\u00bfQu\u00e9 te ofrecemos?\u00a0<\/span><\/h1>\t\t\t\t\t\t\t\t<\/div>\n\t\t\t\t<\/div>\n\t\t\t\t\t<\/div>\n\t\t<\/div>\n\t\t\t\t\t<\/div>\n\t\t<\/section>\n\t\t\t\t<section class=\"elementor-section elementor-top-section elementor-element elementor-element-af6694f elementor-section-boxed elementor-section-height-default elementor-section-height-default\" data-id=\"af6694f\" data-element_type=\"section\" data-e-type=\"section\" data-settings=\"{&quot;background_background&quot;:&quot;classic&quot;}\">\n\t\t\t\t\t\t<div class=\"elementor-container elementor-column-gap-default\">\n\t\t\t\t\t<div class=\"elementor-column elementor-col-100 elementor-top-column elementor-element elementor-element-39fe6b0\" data-id=\"39fe6b0\" data-element_type=\"column\" data-e-type=\"column\">\n\t\t\t<div class=\"elementor-widget-wrap elementor-element-populated\">\n\t\t\t\t\t\t<div class=\"elementor-element elementor-element-678d5fe elementor-invisible elementor-widget elementor-widget-text-editor\" data-id=\"678d5fe\" data-element_type=\"widget\" data-e-type=\"widget\" data-settings=\"{&quot;_animation&quot;:&quot;rubberBand&quot;}\" data-widget_type=\"text-editor.default\">\n\t\t\t\t<div class=\"elementor-widget-container\">\n\t\t\t\t\t\t\t\t\t<h4 style=\"text-align: center;\"><span style=\"color: #3366ff;\">Ponemos a tu disposici\u00f3n servicios avanzados de diagn\u00f3stico y tratamiento para los problemas visuales y auditivos en ni\u00f1os y adultos\u00a0<\/span><\/h4>\t\t\t\t\t\t\t\t<\/div>\n\t\t\t\t<\/div>\n\t\t\t\t\t<\/div>\n\t\t<\/div>\n\t\t\t\t\t<\/div>\n\t\t<\/section>\n\t\t\t\t<section class=\"elementor-section elementor-top-section elementor-element elementor-element-9333cb9 elementor-section-boxed elementor-section-height-default elementor-section-height-default\" data-id=\"9333cb9\" data-element_type=\"section\" data-e-type=\"section\">\n\t\t\t\t\t\t<div class=\"elementor-container elementor-column-gap-default\">\n\t\t\t\t\t<div class=\"elementor-column elementor-col-100 elementor-top-column elementor-element elementor-element-a9296cb\" data-id=\"a9296cb\" data-element_type=\"column\" data-e-type=\"column\">\n\t\t\t<div class=\"elementor-widget-wrap elementor-element-populated\">\n\t\t\t\t\t\t<div class=\"elementor-element elementor-element-525404d elementor-invisible elementor-widget elementor-widget-text-editor\" data-id=\"525404d\" data-element_type=\"widget\" data-e-type=\"widget\" data-settings=\"{&quot;_animation&quot;:&quot;bounceInRight&quot;}\" data-widget_type=\"text-editor.default\">\n\t\t\t\t<div class=\"elementor-widget-container\">\n\t\t\t\t\t\t\t\t\t<h1 style=\"text-align: center;\"><span style=\"color: #33cccc;\">\u00bfEn qu\u00e9 podemos ayudarte?<\/span><\/h1>\t\t\t\t\t\t\t\t<\/div>\n\t\t\t\t<\/div>\n\t\t\t\t\t<\/div>\n\t\t<\/div>\n\t\t\t\t\t<\/div>\n\t\t<\/section>\n\t\t\t\t<section class=\"elementor-section elementor-top-section elementor-element elementor-element-541c195 elementor-section-boxed elementor-section-height-default elementor-section-height-default\" data-id=\"541c195\" data-element_type=\"section\" data-e-type=\"section\">\n\t\t\t\t\t\t<div class=\"elementor-container elementor-column-gap-default\">\n\t\t\t\t\t<div class=\"elementor-column elementor-col-100 elementor-top-column elementor-element elementor-element-024d800\" data-id=\"024d800\" data-element_type=\"column\" data-e-type=\"column\">\n\t\t\t<div class=\"elementor-widget-wrap elementor-element-populated\">\n\t\t\t\t\t\t<div class=\"elementor-element elementor-element-ade60ff elementor-invisible elementor-widget elementor-widget-text-editor\" data-id=\"ade60ff\" data-element_type=\"widget\" data-e-type=\"widget\" data-settings=\"{&quot;_animation&quot;:&quot;wobble&quot;}\" data-widget_type=\"text-editor.default\">\n\t\t\t\t<div class=\"elementor-widget-container\">\n\t\t\t\t\t\t\t\t\t<h4 style=\"text-align: center;\"><span style=\"color: #3366ff;\">La visi\u00f3n se aprende por eso se puede entrenar. La Neuroplasticidad del sistema visual nos permite mejorar y\/o solucionar las disfunciones visuales que nos impidan alcanzar nuestro m\u00e1ximo potencial\u00a0<\/span><\/h4>\t\t\t\t\t\t\t\t<\/div>\n\t\t\t\t<\/div>\n\t\t\t\t\t<\/div>\n\t\t<\/div>\n\t\t\t\t\t<\/div>\n\t\t<\/section>\n\t\t\t\t<section class=\"elementor-section elementor-top-section elementor-element elementor-element-cc5f126 elementor-section-boxed elementor-section-height-default elementor-section-height-default\" data-id=\"cc5f126\" data-element_type=\"section\" data-e-type=\"section\" data-settings=\"{&quot;background_background&quot;:&quot;classic&quot;}\">\n\t\t\t\t\t\t<div class=\"elementor-container elementor-column-gap-default\">\n\t\t\t\t\t<div class=\"elementor-column elementor-col-33 elementor-top-column elementor-element elementor-element-b7971f1\" data-id=\"b7971f1\" data-element_type=\"column\" data-e-type=\"column\" data-settings=\"{&quot;background_background&quot;:&quot;classic&quot;}\">\n\t\t\t<div class=\"elementor-widget-wrap elementor-element-populated\">\n\t\t\t\t\t\t<div class=\"elementor-element elementor-element-26111ea elementor-button-info elementor-align-center elementor-widget elementor-widget-button\" data-id=\"26111ea\" data-element_type=\"widget\" data-e-type=\"widget\" data-widget_type=\"button.default\">\n\t\t\t\t<div class=\"elementor-widget-container\">\n\t\t\t\t\t\t\t\t\t<div class=\"elementor-button-wrapper\">\n\t\t\t\t\t<a class=\"elementor-button elementor-button-link elementor-size-md\" href=\"http:\/\/www.terapiavisualyauditiva.com\/?page_id=339\">\n\t\t\t\t\t\t<span class=\"elementor-button-content-wrapper\">\n\t\t\t\t\t\t\t\t\t<span class=\"elementor-button-text\">Terapia auditiva<\/span>\n\t\t\t\t\t<\/span>\n\t\t\t\t\t<\/a>\n\t\t\t\t<\/div>\n\t\t\t\t\t\t\t\t<\/div>\n\t\t\t\t<\/div>\n\t\t\t\t<div class=\"elementor-element elementor-element-e2c8bce elementor-widget elementor-widget-image\" data-id=\"e2c8bce\" data-element_type=\"widget\" data-e-type=\"widget\" data-widget_type=\"image.default\">\n\t\t\t\t<div class=\"elementor-widget-container\">\n\t\t\t\t\t\t\t\t\t\t\t\t\t\t\t<img fetchpriority=\"high\" decoding=\"async\" width=\"300\" height=\"300\" src=\"https:\/\/www.terapiavisualyauditiva.com\/wp-content\/uploads\/2021\/05\/unnamed-1-300x300.png\" class=\"attachment-medium size-medium wp-image-166\" alt=\"\" srcset=\"https:\/\/www.terapiavisualyauditiva.com\/wp-content\/uploads\/2021\/05\/unnamed-1-300x300.png 300w, https:\/\/www.terapiavisualyauditiva.com\/wp-content\/uploads\/2021\/05\/unnamed-1-150x150.png 150w, https:\/\/www.terapiavisualyauditiva.com\/wp-content\/uploads\/2021\/05\/unnamed-1.png 512w\" sizes=\"(max-width: 300px) 100vw, 300px\" \/>\t\t\t\t\t\t\t\t\t\t\t\t\t\t\t<\/div>\n\t\t\t\t<\/div>\n\t\t\t\t\t<\/div>\n\t\t<\/div>\n\t\t\t\t<div class=\"elementor-column elementor-col-33 elementor-top-column elementor-element elementor-element-f2678ef\" data-id=\"f2678ef\" data-element_type=\"column\" data-e-type=\"column\" data-settings=\"{&quot;background_background&quot;:&quot;classic&quot;}\">\n\t\t\t<div class=\"elementor-widget-wrap elementor-element-populated\">\n\t\t\t\t\t\t<div class=\"elementor-element elementor-element-dbf1c64 elementor-button-info elementor-align-center elementor-widget elementor-widget-button\" data-id=\"dbf1c64\" data-element_type=\"widget\" data-e-type=\"widget\" data-widget_type=\"button.default\">\n\t\t\t\t<div class=\"elementor-widget-container\">\n\t\t\t\t\t\t\t\t\t<div class=\"elementor-button-wrapper\">\n\t\t\t\t\t<a class=\"elementor-button elementor-button-link elementor-size-md\" href=\"http:\/\/www.terapiavisualyauditiva.com\/?page_id=219\">\n\t\t\t\t\t\t<span class=\"elementor-button-content-wrapper\">\n\t\t\t\t\t\t\t\t\t<span class=\"elementor-button-text\">Evaluaci\u00f3n de la funci\u00f3n visual<\/span>\n\t\t\t\t\t<\/span>\n\t\t\t\t\t<\/a>\n\t\t\t\t<\/div>\n\t\t\t\t\t\t\t\t<\/div>\n\t\t\t\t<\/div>\n\t\t\t\t<div class=\"elementor-element elementor-element-fa7afc2 elementor-widget elementor-widget-image\" data-id=\"fa7afc2\" data-element_type=\"widget\" data-e-type=\"widget\" data-widget_type=\"image.default\">\n\t\t\t\t<div class=\"elementor-widget-container\">\n\t\t\t\t\t\t\t\t\t\t\t\t\t\t\t<img decoding=\"async\" width=\"684\" height=\"516\" src=\"https:\/\/www.terapiavisualyauditiva.com\/wp-content\/uploads\/2021\/05\/foroptero-web-def-e1597139178325-1.png\" class=\"attachment-large size-large wp-image-581\" alt=\"\" srcset=\"https:\/\/www.terapiavisualyauditiva.com\/wp-content\/uploads\/2021\/05\/foroptero-web-def-e1597139178325-1.png 684w, https:\/\/www.terapiavisualyauditiva.com\/wp-content\/uploads\/2021\/05\/foroptero-web-def-e1597139178325-1-300x226.png 300w\" sizes=\"(max-width: 684px) 100vw, 684px\" \/>\t\t\t\t\t\t\t\t\t\t\t\t\t\t\t<\/div>\n\t\t\t\t<\/div>\n\t\t\t\t\t<\/div>\n\t\t<\/div>\n\t\t\t\t<div class=\"elementor-column elementor-col-33 elementor-top-column elementor-element elementor-element-9b5ddfb\" data-id=\"9b5ddfb\" data-element_type=\"column\" data-e-type=\"column\">\n\t\t\t<div class=\"elementor-widget-wrap elementor-element-populated\">\n\t\t\t\t\t\t<div class=\"elementor-element elementor-element-1c85eb7 elementor-button-info elementor-align-center elementor-widget elementor-widget-button\" data-id=\"1c85eb7\" data-element_type=\"widget\" data-e-type=\"widget\" data-widget_type=\"button.default\">\n\t\t\t\t<div class=\"elementor-widget-container\">\n\t\t\t\t\t\t\t\t\t<div class=\"elementor-button-wrapper\">\n\t\t\t\t\t<a class=\"elementor-button elementor-button-link elementor-size-md\" href=\"http:\/\/www.terapiavisualyauditiva.com\/?page_id=272\">\n\t\t\t\t\t\t<span class=\"elementor-button-content-wrapper\">\n\t\t\t\t\t\t\t\t\t<span class=\"elementor-button-text\">Evaluaci\u00f3n visual para problemas de aprendizaje relacionados con la vista <\/span>\n\t\t\t\t\t<\/span>\n\t\t\t\t\t<\/a>\n\t\t\t\t<\/div>\n\t\t\t\t\t\t\t\t<\/div>\n\t\t\t\t<\/div>\n\t\t\t\t<div class=\"elementor-element elementor-element-513e299 elementor-widget elementor-widget-image\" data-id=\"513e299\" data-element_type=\"widget\" data-e-type=\"widget\" data-widget_type=\"image.default\">\n\t\t\t\t<div class=\"elementor-widget-container\">\n\t\t\t\t\t\t\t\t\t\t\t\t\t\t\t<img decoding=\"async\" width=\"300\" height=\"300\" src=\"https:\/\/www.terapiavisualyauditiva.com\/wp-content\/uploads\/2021\/05\/libro-300x300.png\" class=\"attachment-medium size-medium wp-image-594\" alt=\"\" srcset=\"https:\/\/www.terapiavisualyauditiva.com\/wp-content\/uploads\/2021\/05\/libro-300x300.png 300w, https:\/\/www.terapiavisualyauditiva.com\/wp-content\/uploads\/2021\/05\/libro-150x150.png 150w, https:\/\/www.terapiavisualyauditiva.com\/wp-content\/uploads\/2021\/05\/libro.png 512w\" sizes=\"(max-width: 300px) 100vw, 300px\" \/>\t\t\t\t\t\t\t\t\t\t\t\t\t\t\t<\/div>\n\t\t\t\t<\/div>\n\t\t\t\t\t<\/div>\n\t\t<\/div>\n\t\t\t\t\t<\/div>\n\t\t<\/section>\n\t\t\t\t<section class=\"elementor-section elementor-top-section elementor-element elementor-element-0769a65 elementor-section-boxed elementor-section-height-default elementor-section-height-default\" data-id=\"0769a65\" data-element_type=\"section\" data-e-type=\"section\" data-settings=\"{&quot;background_background&quot;:&quot;classic&quot;}\">\n\t\t\t\t\t\t<div class=\"elementor-container elementor-column-gap-default\">\n\t\t\t\t\t<div class=\"elementor-column elementor-col-33 elementor-top-column elementor-element elementor-element-22fa637\" data-id=\"22fa637\" data-element_type=\"column\" data-e-type=\"column\">\n\t\t\t<div class=\"elementor-widget-wrap elementor-element-populated\">\n\t\t\t\t\t\t<div class=\"elementor-element elementor-element-1616c2b elementor-button-info elementor-align-center elementor-widget elementor-widget-button\" data-id=\"1616c2b\" data-element_type=\"widget\" data-e-type=\"widget\" data-widget_type=\"button.default\">\n\t\t\t\t<div class=\"elementor-widget-container\">\n\t\t\t\t\t\t\t\t\t<div class=\"elementor-button-wrapper\">\n\t\t\t\t\t<a class=\"elementor-button elementor-button-link elementor-size-md\" href=\"http:\/\/www.terapiavisualyauditiva.com\/?page_id=419\">\n\t\t\t\t\t\t<span class=\"elementor-button-content-wrapper\">\n\t\t\t\t\t\t\t\t\t<span class=\"elementor-button-text\">Da\u00f1o cerebral adquirido <\/span>\n\t\t\t\t\t<\/span>\n\t\t\t\t\t<\/a>\n\t\t\t\t<\/div>\n\t\t\t\t\t\t\t\t<\/div>\n\t\t\t\t<\/div>\n\t\t\t\t<div class=\"elementor-element elementor-element-67bf944 elementor-widget elementor-widget-image\" data-id=\"67bf944\" data-element_type=\"widget\" data-e-type=\"widget\" data-widget_type=\"image.default\">\n\t\t\t\t<div class=\"elementor-widget-container\">\n\t\t\t\t\t\t\t\t\t\t\t\t\t\t\t<img loading=\"lazy\" decoding=\"async\" width=\"300\" height=\"300\" src=\"https:\/\/www.terapiavisualyauditiva.com\/wp-content\/uploads\/2021\/05\/ciber-cerebro-dibujado-300x300.png\" class=\"attachment-medium size-medium wp-image-557\" alt=\"\" srcset=\"https:\/\/www.terapiavisualyauditiva.com\/wp-content\/uploads\/2021\/05\/ciber-cerebro-dibujado-300x300.png 300w, https:\/\/www.terapiavisualyauditiva.com\/wp-content\/uploads\/2021\/05\/ciber-cerebro-dibujado-150x150.png 150w, https:\/\/www.terapiavisualyauditiva.com\/wp-content\/uploads\/2021\/05\/ciber-cerebro-dibujado.png 626w\" sizes=\"(max-width: 300px) 100vw, 300px\" \/>\t\t\t\t\t\t\t\t\t\t\t\t\t\t\t<\/div>\n\t\t\t\t<\/div>\n\t\t\t\t\t<\/div>\n\t\t<\/div>\n\t\t\t\t<div class=\"elementor-column elementor-col-33 elementor-top-column elementor-element elementor-element-65ad768\" data-id=\"65ad768\" data-element_type=\"column\" data-e-type=\"column\">\n\t\t\t<div class=\"elementor-widget-wrap elementor-element-populated\">\n\t\t\t\t\t\t<div class=\"elementor-element elementor-element-b1663b8 elementor-button-info elementor-align-center elementor-widget elementor-widget-button\" data-id=\"b1663b8\" data-element_type=\"widget\" data-e-type=\"widget\" data-widget_type=\"button.default\">\n\t\t\t\t<div class=\"elementor-widget-container\">\n\t\t\t\t\t\t\t\t\t<div class=\"elementor-button-wrapper\">\n\t\t\t\t\t<a class=\"elementor-button elementor-button-link elementor-size-md\" href=\"http:\/\/www.terapiavisualyauditiva.com\/?page_id=359\">\n\t\t\t\t\t\t<span class=\"elementor-button-content-wrapper\">\n\t\t\t\t\t\t\t\t\t<span class=\"elementor-button-text\">Contactolog\u00eda<\/span>\n\t\t\t\t\t<\/span>\n\t\t\t\t\t<\/a>\n\t\t\t\t<\/div>\n\t\t\t\t\t\t\t\t<\/div>\n\t\t\t\t<\/div>\n\t\t\t\t<div class=\"elementor-element elementor-element-78ba258 elementor-widget elementor-widget-image\" data-id=\"78ba258\" data-element_type=\"widget\" data-e-type=\"widget\" data-widget_type=\"image.default\">\n\t\t\t\t<div class=\"elementor-widget-container\">\n\t\t\t\t\t\t\t\t\t\t\t\t\t\t\t<img loading=\"lazy\" decoding=\"async\" width=\"300\" height=\"300\" src=\"https:\/\/www.terapiavisualyauditiva.com\/wp-content\/uploads\/2021\/05\/icono-lentillas-1-300x300.png\" class=\"attachment-medium size-medium wp-image-578\" alt=\"\" srcset=\"https:\/\/www.terapiavisualyauditiva.com\/wp-content\/uploads\/2021\/05\/icono-lentillas-1.png 300w, https:\/\/www.terapiavisualyauditiva.com\/wp-content\/uploads\/2021\/05\/icono-lentillas-1-150x150.png 150w\" sizes=\"(max-width: 300px) 100vw, 300px\" \/>\t\t\t\t\t\t\t\t\t\t\t\t\t\t\t<\/div>\n\t\t\t\t<\/div>\n\t\t\t\t\t<\/div>\n\t\t<\/div>\n\t\t\t\t<div class=\"elementor-column elementor-col-33 elementor-top-column elementor-element elementor-element-e95ede7\" data-id=\"e95ede7\" data-element_type=\"column\" data-e-type=\"column\">\n\t\t\t<div class=\"elementor-widget-wrap elementor-element-populated\">\n\t\t\t\t\t\t<div class=\"elementor-element elementor-element-7b95e81 elementor-button-info elementor-align-center elementor-widget elementor-widget-button\" data-id=\"7b95e81\" data-element_type=\"widget\" data-e-type=\"widget\" data-widget_type=\"button.default\">\n\t\t\t\t<div class=\"elementor-widget-container\">\n\t\t\t\t\t\t\t\t\t<div class=\"elementor-button-wrapper\">\n\t\t\t\t\t<a class=\"elementor-button elementor-button-link elementor-size-md\" href=\"http:\/\/www.terapiavisualyauditiva.com\/?page_id=199\">\n\t\t\t\t\t\t<span class=\"elementor-button-content-wrapper\">\n\t\t\t\t\t\t\t\t\t<span class=\"elementor-button-text\">Terapia visual<\/span>\n\t\t\t\t\t<\/span>\n\t\t\t\t\t<\/a>\n\t\t\t\t<\/div>\n\t\t\t\t\t\t\t\t<\/div>\n\t\t\t\t<\/div>\n\t\t\t\t<div class=\"elementor-element elementor-element-0a9b822 elementor-widget elementor-widget-image\" data-id=\"0a9b822\" data-element_type=\"widget\" data-e-type=\"widget\" data-widget_type=\"image.default\">\n\t\t\t\t<div class=\"elementor-widget-container\">\n\t\t\t\t\t\t\t\t\t\t\t\t\t\t\t<img loading=\"lazy\" decoding=\"async\" width=\"314\" height=\"314\" src=\"https:\/\/www.terapiavisualyauditiva.com\/wp-content\/uploads\/2021\/05\/85-4-1-1.png\" class=\"attachment-large size-large wp-image-590\" alt=\"\" srcset=\"https:\/\/www.terapiavisualyauditiva.com\/wp-content\/uploads\/2021\/05\/85-4-1-1.png 314w, https:\/\/www.terapiavisualyauditiva.com\/wp-content\/uploads\/2021\/05\/85-4-1-1-300x300.png 300w, https:\/\/www.terapiavisualyauditiva.com\/wp-content\/uploads\/2021\/05\/85-4-1-1-150x150.png 150w\" sizes=\"(max-width: 314px) 100vw, 314px\" \/>\t\t\t\t\t\t\t\t\t\t\t\t\t\t\t<\/div>\n\t\t\t\t<\/div>\n\t\t\t\t\t<\/div>\n\t\t<\/div>\n\t\t\t\t\t<\/div>\n\t\t<\/section>\n\t\t\t\t<\/div>\n\t\t","protected":false},"excerpt":{"rendered":"<p>\u00bfQu\u00e9 te ofrecemos?\u00a0 Ponemos a tu disposici\u00f3n servicios avanzados de diagn\u00f3stico y tratamiento para los problemas visuales y auditivos en ni\u00f1os y adultos\u00a0 \u00bfEn qu\u00e9 podemos ayudarte? La visi\u00f3n se aprende por eso se puede entrenar. La Neuroplasticidad del sistema visual nos permite mejorar y\/o solucionar las disfunciones visuales que nos impidan alcanzar nuestro m\u00e1ximo&hellip; <br \/> <a class=\"read-more\" href=\"https:\/\/www.terapiavisualyauditiva.com\/?page_id=99\">Leer m\u00e1s<\/a><\/p>\n","protected":false},"author":1,"featured_media":0,"parent":0,"menu_order":0,"comment_status":"closed","ping_status":"closed","template":"","meta":{"footnotes":""},"class_list":["post-99","page","type-page","status-publish","hentry"],"yoast_head":"<!-- This site is optimized with the Yoast SEO plugin v27.4 - https:\/\/yoast.com\/product\/yoast-seo-wordpress\/ -->\n<title>Servicios - Terapia Visual y Auditiva El Rest\u00f3n (Valdemoro)<\/title>\n<meta name=\"robots\" content=\"index, follow, max-snippet:-1, max-image-preview:large, max-video-preview:-1\" \/>\n<link rel=\"canonical\" href=\"https:\/\/www.terapiavisualyauditiva.com\/?page_id=99\" \/>\n<meta property=\"og:locale\" content=\"es_ES\" \/>\n<meta property=\"og:type\" content=\"article\" \/>\n<meta property=\"og:title\" content=\"Servicios - Terapia Visual y Auditiva El Rest\u00f3n (Valdemoro)\" \/>\n<meta property=\"og:description\" content=\"\u00bfQu\u00e9 te ofrecemos?\u00a0 Ponemos a tu disposici\u00f3n servicios avanzados de diagn\u00f3stico y tratamiento para los problemas visuales y auditivos en ni\u00f1os y adultos\u00a0 \u00bfEn qu\u00e9 podemos ayudarte? La visi\u00f3n se aprende por eso se puede entrenar. La Neuroplasticidad del sistema visual nos permite mejorar y\/o solucionar las disfunciones visuales que nos impidan alcanzar nuestro m\u00e1ximo&hellip; Leer m\u00e1s\" \/>\n<meta property=\"og:url\" content=\"https:\/\/www.terapiavisualyauditiva.com\/?page_id=99\" \/>\n<meta property=\"og:site_name\" content=\"Terapia Visual y Auditiva El Rest\u00f3n (Valdemoro)\" \/>\n<meta property=\"article:modified_time\" content=\"2021-07-06T07:28:14+00:00\" \/>\n<meta property=\"og:image\" content=\"http:\/\/www.terapiavisualyauditiva.com\/wp-content\/uploads\/2021\/05\/unnamed-1-300x300.png\" \/>\n<meta name=\"twitter:card\" content=\"summary_large_image\" \/>\n<meta name=\"twitter:label1\" content=\"Tiempo de lectura\" \/>\n\t<meta name=\"twitter:data1\" content=\"2 minutos\" \/>\n<script type=\"application\/ld+json\" class=\"yoast-schema-graph\">{\"@context\":\"https:\\\/\\\/schema.org\",\"@graph\":[{\"@type\":\"WebPage\",\"@id\":\"https:\\\/\\\/www.terapiavisualyauditiva.com\\\/?page_id=99\",\"url\":\"https:\\\/\\\/www.terapiavisualyauditiva.com\\\/?page_id=99\",\"name\":\"Servicios - Terapia Visual y Auditiva El Rest\u00f3n (Valdemoro)\",\"isPartOf\":{\"@id\":\"https:\\\/\\\/www.terapiavisualyauditiva.com\\\/#website\"},\"primaryImageOfPage\":{\"@id\":\"https:\\\/\\\/www.terapiavisualyauditiva.com\\\/?page_id=99#primaryimage\"},\"image\":{\"@id\":\"https:\\\/\\\/www.terapiavisualyauditiva.com\\\/?page_id=99#primaryimage\"},\"thumbnailUrl\":\"http:\\\/\\\/www.terapiavisualyauditiva.com\\\/wp-content\\\/uploads\\\/2021\\\/05\\\/unnamed-1-300x300.png\",\"datePublished\":\"2021-04-28T10:36:14+00:00\",\"dateModified\":\"2021-07-06T07:28:14+00:00\",\"breadcrumb\":{\"@id\":\"https:\\\/\\\/www.terapiavisualyauditiva.com\\\/?page_id=99#breadcrumb\"},\"inLanguage\":\"es\",\"potentialAction\":[{\"@type\":\"ReadAction\",\"target\":[\"https:\\\/\\\/www.terapiavisualyauditiva.com\\\/?page_id=99\"]}]},{\"@type\":\"ImageObject\",\"inLanguage\":\"es\",\"@id\":\"https:\\\/\\\/www.terapiavisualyauditiva.com\\\/?page_id=99#primaryimage\",\"url\":\"https:\\\/\\\/www.terapiavisualyauditiva.com\\\/wp-content\\\/uploads\\\/2021\\\/05\\\/unnamed-1.png\",\"contentUrl\":\"https:\\\/\\\/www.terapiavisualyauditiva.com\\\/wp-content\\\/uploads\\\/2021\\\/05\\\/unnamed-1.png\",\"width\":512,\"height\":512},{\"@type\":\"BreadcrumbList\",\"@id\":\"https:\\\/\\\/www.terapiavisualyauditiva.com\\\/?page_id=99#breadcrumb\",\"itemListElement\":[{\"@type\":\"ListItem\",\"position\":1,\"name\":\"Portada\",\"item\":\"https:\\\/\\\/www.terapiavisualyauditiva.com\\\/\"},{\"@type\":\"ListItem\",\"position\":2,\"name\":\"Servicios\"}]},{\"@type\":\"WebSite\",\"@id\":\"https:\\\/\\\/www.terapiavisualyauditiva.com\\\/#website\",\"url\":\"https:\\\/\\\/www.terapiavisualyauditiva.com\\\/\",\"name\":\"Terapia Visual y Auditiva El Rest\u00f3n (Valdemoro)\",\"description\":\"\",\"publisher\":{\"@id\":\"https:\\\/\\\/www.terapiavisualyauditiva.com\\\/#organization\"},\"potentialAction\":[{\"@type\":\"SearchAction\",\"target\":{\"@type\":\"EntryPoint\",\"urlTemplate\":\"https:\\\/\\\/www.terapiavisualyauditiva.com\\\/?s={search_term_string}\"},\"query-input\":{\"@type\":\"PropertyValueSpecification\",\"valueRequired\":true,\"valueName\":\"search_term_string\"}}],\"inLanguage\":\"es\"},{\"@type\":\"Organization\",\"@id\":\"https:\\\/\\\/www.terapiavisualyauditiva.com\\\/#organization\",\"name\":\"Terapia Visual y Auditiva El Rest\u00f3n (Valdemoro)\",\"url\":\"https:\\\/\\\/www.terapiavisualyauditiva.com\\\/\",\"logo\":{\"@type\":\"ImageObject\",\"inLanguage\":\"es\",\"@id\":\"https:\\\/\\\/www.terapiavisualyauditiva.com\\\/#\\\/schema\\\/logo\\\/image\\\/\",\"url\":\"http:\\\/\\\/www.terapiavisualyauditiva.com\\\/wp-content\\\/uploads\\\/2021\\\/04\\\/kisspng-the-mind-games-men-play-with-women-jigsaw-puzzle-brain-5a6ec4f1c0d563.2137539415172088177899.png\",\"contentUrl\":\"http:\\\/\\\/www.terapiavisualyauditiva.com\\\/wp-content\\\/uploads\\\/2021\\\/04\\\/kisspng-the-mind-games-men-play-with-women-jigsaw-puzzle-brain-5a6ec4f1c0d563.2137539415172088177899.png\",\"width\":260,\"height\":280,\"caption\":\"Terapia Visual y Auditiva El Rest\u00f3n (Valdemoro)\"},\"image\":{\"@id\":\"https:\\\/\\\/www.terapiavisualyauditiva.com\\\/#\\\/schema\\\/logo\\\/image\\\/\"}}]}<\/script>\n<!-- \/ Yoast SEO plugin. -->","yoast_head_json":{"title":"Servicios - Terapia Visual y Auditiva El Rest\u00f3n (Valdemoro)","robots":{"index":"index","follow":"follow","max-snippet":"max-snippet:-1","max-image-preview":"max-image-preview:large","max-video-preview":"max-video-preview:-1"},"canonical":"https:\/\/www.terapiavisualyauditiva.com\/?page_id=99","og_locale":"es_ES","og_type":"article","og_title":"Servicios - Terapia Visual y Auditiva El Rest\u00f3n (Valdemoro)","og_description":"\u00bfQu\u00e9 te ofrecemos?\u00a0 Ponemos a tu disposici\u00f3n servicios avanzados de diagn\u00f3stico y tratamiento para los problemas visuales y auditivos en ni\u00f1os y adultos\u00a0 \u00bfEn qu\u00e9 podemos ayudarte? La visi\u00f3n se aprende por eso se puede entrenar. La Neuroplasticidad del sistema visual nos permite mejorar y\/o solucionar las disfunciones visuales que nos impidan alcanzar nuestro m\u00e1ximo&hellip; Leer m\u00e1s","og_url":"https:\/\/www.terapiavisualyauditiva.com\/?page_id=99","og_site_name":"Terapia Visual y Auditiva El Rest\u00f3n (Valdemoro)","article_modified_time":"2021-07-06T07:28:14+00:00","og_image":[{"url":"http:\/\/www.terapiavisualyauditiva.com\/wp-content\/uploads\/2021\/05\/unnamed-1-300x300.png","type":"","width":"","height":""}],"twitter_card":"summary_large_image","twitter_misc":{"Tiempo de lectura":"2 minutos"},"schema":{"@context":"https:\/\/schema.org","@graph":[{"@type":"WebPage","@id":"https:\/\/www.terapiavisualyauditiva.com\/?page_id=99","url":"https:\/\/www.terapiavisualyauditiva.com\/?page_id=99","name":"Servicios - Terapia Visual y Auditiva El Rest\u00f3n (Valdemoro)","isPartOf":{"@id":"https:\/\/www.terapiavisualyauditiva.com\/#website"},"primaryImageOfPage":{"@id":"https:\/\/www.terapiavisualyauditiva.com\/?page_id=99#primaryimage"},"image":{"@id":"https:\/\/www.terapiavisualyauditiva.com\/?page_id=99#primaryimage"},"thumbnailUrl":"http:\/\/www.terapiavisualyauditiva.com\/wp-content\/uploads\/2021\/05\/unnamed-1-300x300.png","datePublished":"2021-04-28T10:36:14+00:00","dateModified":"2021-07-06T07:28:14+00:00","breadcrumb":{"@id":"https:\/\/www.terapiavisualyauditiva.com\/?page_id=99#breadcrumb"},"inLanguage":"es","potentialAction":[{"@type":"ReadAction","target":["https:\/\/www.terapiavisualyauditiva.com\/?page_id=99"]}]},{"@type":"ImageObject","inLanguage":"es","@id":"https:\/\/www.terapiavisualyauditiva.com\/?page_id=99#primaryimage","url":"https:\/\/www.terapiavisualyauditiva.com\/wp-content\/uploads\/2021\/05\/unnamed-1.png","contentUrl":"https:\/\/www.terapiavisualyauditiva.com\/wp-content\/uploads\/2021\/05\/unnamed-1.png","width":512,"height":512},{"@type":"BreadcrumbList","@id":"https:\/\/www.terapiavisualyauditiva.com\/?page_id=99#breadcrumb","itemListElement":[{"@type":"ListItem","position":1,"name":"Portada","item":"https:\/\/www.terapiavisualyauditiva.com\/"},{"@type":"ListItem","position":2,"name":"Servicios"}]},{"@type":"WebSite","@id":"https:\/\/www.terapiavisualyauditiva.com\/#website","url":"https:\/\/www.terapiavisualyauditiva.com\/","name":"Terapia Visual y Auditiva El Rest\u00f3n (Valdemoro)","description":"","publisher":{"@id":"https:\/\/www.terapiavisualyauditiva.com\/#organization"},"potentialAction":[{"@type":"SearchAction","target":{"@type":"EntryPoint","urlTemplate":"https:\/\/www.terapiavisualyauditiva.com\/?s={search_term_string}"},"query-input":{"@type":"PropertyValueSpecification","valueRequired":true,"valueName":"search_term_string"}}],"inLanguage":"es"},{"@type":"Organization","@id":"https:\/\/www.terapiavisualyauditiva.com\/#organization","name":"Terapia Visual y Auditiva El Rest\u00f3n (Valdemoro)","url":"https:\/\/www.terapiavisualyauditiva.com\/","logo":{"@type":"ImageObject","inLanguage":"es","@id":"https:\/\/www.terapiavisualyauditiva.com\/#\/schema\/logo\/image\/","url":"http:\/\/www.terapiavisualyauditiva.com\/wp-content\/uploads\/2021\/04\/kisspng-the-mind-games-men-play-with-women-jigsaw-puzzle-brain-5a6ec4f1c0d563.2137539415172088177899.png","contentUrl":"http:\/\/www.terapiavisualyauditiva.com\/wp-content\/uploads\/2021\/04\/kisspng-the-mind-games-men-play-with-women-jigsaw-puzzle-brain-5a6ec4f1c0d563.2137539415172088177899.png","width":260,"height":280,"caption":"Terapia Visual y Auditiva El Rest\u00f3n (Valdemoro)"},"image":{"@id":"https:\/\/www.terapiavisualyauditiva.com\/#\/schema\/logo\/image\/"}}]}},"_links":{"self":[{"href":"https:\/\/www.terapiavisualyauditiva.com\/index.php?rest_route=\/wp\/v2\/pages\/99","targetHints":{"allow":["GET"]}}],"collection":[{"href":"https:\/\/www.terapiavisualyauditiva.com\/index.php?rest_route=\/wp\/v2\/pages"}],"about":[{"href":"https:\/\/www.terapiavisualyauditiva.com\/index.php?rest_route=\/wp\/v2\/types\/page"}],"author":[{"embeddable":true,"href":"https:\/\/www.terapiavisualyauditiva.com\/index.php?rest_route=\/wp\/v2\/users\/1"}],"replies":[{"embeddable":true,"href":"https:\/\/www.terapiavisualyauditiva.com\/index.php?rest_route=%2Fwp%2Fv2%2Fcomments&post=99"}],"version-history":[{"count":136,"href":"https:\/\/www.terapiavisualyauditiva.com\/index.php?rest_route=\/wp\/v2\/pages\/99\/revisions"}],"predecessor-version":[{"id":774,"href":"https:\/\/www.terapiavisualyauditiva.com\/index.php?rest_route=\/wp\/v2\/pages\/99\/revisions\/774"}],"wp:attachment":[{"href":"https:\/\/www.terapiavisualyauditiva.com\/index.php?rest_route=%2Fwp%2Fv2%2Fmedia&parent=99"}],"curies":[{"name":"wp","href":"https:\/\/api.w.org\/{rel}","templated":true}]}}