{"id":65,"date":"2021-04-28T10:07:27","date_gmt":"2021-04-28T10:07:27","guid":{"rendered":"http:\/\/www.terapiavisualyauditiva.com\/?page_id=65"},"modified":"2025-01-17T11:25:49","modified_gmt":"2025-01-17T11:25:49","slug":"trabajadores","status":"publish","type":"page","link":"https:\/\/www.terapiavisualyauditiva.com\/?page_id=65","title":{"rendered":"Testimonios"},"content":{"rendered":"\t\t<div data-elementor-type=\"wp-page\" data-elementor-id=\"65\" class=\"elementor elementor-65\">\n\t\t\t\t\t\t<section class=\"elementor-section elementor-top-section elementor-element elementor-element-8b747f7 elementor-section-boxed elementor-section-height-default elementor-section-height-default\" data-id=\"8b747f7\" data-element_type=\"section\" data-e-type=\"section\">\n\t\t\t\t\t\t<div class=\"elementor-container elementor-column-gap-default\">\n\t\t\t\t\t<div class=\"elementor-column elementor-col-100 elementor-top-column elementor-element elementor-element-469c00b\" data-id=\"469c00b\" data-element_type=\"column\" data-e-type=\"column\">\n\t\t\t<div class=\"elementor-widget-wrap elementor-element-populated\">\n\t\t\t\t\t\t<div class=\"elementor-element elementor-element-1c49d7d elementor-widget elementor-widget-text-editor\" data-id=\"1c49d7d\" data-element_type=\"widget\" data-e-type=\"widget\" data-widget_type=\"text-editor.default\">\n\t\t\t\t<div class=\"elementor-widget-container\">\n\t\t\t\t\t\t\t\t\t<h3 style=\"text-align: center;\"><strong><span style=\"color: #000080;\">Testimonio de Mario Arman\u00a0<\/span><\/strong><\/h3>\t\t\t\t\t\t\t\t<\/div>\n\t\t\t\t<\/div>\n\t\t\t\t<div class=\"elementor-element elementor-element-8dc0f48 elementor-widget elementor-widget-text-editor\" data-id=\"8dc0f48\" data-element_type=\"widget\" data-e-type=\"widget\" data-widget_type=\"text-editor.default\">\n\t\t\t\t<div class=\"elementor-widget-container\">\n\t\t\t\t\t\t\t\t\t<h4 style=\"text-align: left;\"><span style=\"color: #000000;\">Hace poco m\u00e1s de <span style=\"color: #00ccff;\">4 a\u00f1os<\/span>, diagnosticaron a mi hijo una <span style=\"color: #00ccff;\">ambliop\u00eda en el ojo derecho<\/span> con una <span style=\"color: #00ccff;\">agudeza visual de un 5%<\/span>. No nos daban mucha esperanza de mejora. Por recomendaci\u00f3n <span style=\"color: #00ccff;\">acudimos a Yolanda<\/span>, y <span style=\"color: #00ccff;\">gracias a<\/span> ella y <span style=\"color: #00ccff;\">su terapia, hoy en d\u00eda tiene una agudeza de m\u00e1s del 90%.<\/span> No tenemos palabras para agradecer todo el trabajo con Mario. Mil gracias. Estaremos eternamente agradecidos.<\/span><\/h4>\t\t\t\t\t\t\t\t<\/div>\n\t\t\t\t<\/div>\n\t\t\t\t\t<\/div>\n\t\t<\/div>\n\t\t\t\t\t<\/div>\n\t\t<\/section>\n\t\t\t\t<section class=\"elementor-section elementor-top-section elementor-element elementor-element-f17230b elementor-section-boxed elementor-section-height-default elementor-section-height-default\" data-id=\"f17230b\" data-element_type=\"section\" data-e-type=\"section\">\n\t\t\t\t\t\t<div class=\"elementor-container elementor-column-gap-default\">\n\t\t\t\t\t<div class=\"elementor-column elementor-col-100 elementor-top-column elementor-element elementor-element-6548242\" data-id=\"6548242\" data-element_type=\"column\" data-e-type=\"column\">\n\t\t\t<div class=\"elementor-widget-wrap elementor-element-populated\">\n\t\t\t\t\t\t<div class=\"elementor-element elementor-element-c49be8a elementor-widget elementor-widget-text-editor\" data-id=\"c49be8a\" data-element_type=\"widget\" data-e-type=\"widget\" data-widget_type=\"text-editor.default\">\n\t\t\t\t<div class=\"elementor-widget-container\">\n\t\t\t\t\t\t\t\t\t<h3 style=\"text-align: center;\"><span style=\"color: #000080;\"><strong>Testimonio de Macarena Palomares\u00a0<\/strong><\/span><\/h3>\t\t\t\t\t\t\t\t<\/div>\n\t\t\t\t<\/div>\n\t\t\t\t<div class=\"elementor-element elementor-element-aa61d38 elementor-widget elementor-widget-text-editor\" data-id=\"aa61d38\" data-element_type=\"widget\" data-e-type=\"widget\" data-widget_type=\"text-editor.default\">\n\t\t\t\t<div class=\"elementor-widget-container\">\n\t\t\t\t\t\t\t\t\t<h4 style=\"text-align: left;\"><span style=\"color: #000000;\">Descubr\u00ed que <span style=\"color: #00ccff;\">Macarena ten\u00eda dificultades en el aprendizaje<\/span> ayud\u00e1ndola con sus tareas diarias. <span style=\"color: #00ccff;\">Al leer juntaba palabras, se saltaba letras, las palabras largas se le hac\u00edan bola&#8230; Al escribir hac\u00eda el efecto espejo con los n\u00fameros y las letras&#8230;<\/span><\/span><\/h4><h4 style=\"text-align: left;\"><span style=\"color: #000000;\">Realmente yo <span style=\"color: #00ccff;\">pensaba que entraba dentro de lo normal.<\/span> Pero me sorprendi\u00f3 que <span style=\"color: #00ccff;\">la profesora a los 7 a\u00f1os<\/span> <span style=\"color: #00ccff;\">solicitase una evaluaci\u00f3n<\/span> en el centro educativo <span style=\"color: #00ccff;\">por un posible TDH.<\/span> Este t\u00e9rmino me son\u00f3 a chino&#8230;por lo que indagu\u00e9, busqu\u00e9 informaci\u00f3n, le\u00ed&#8230;en el fondo, no por negaci\u00f3n yo sab\u00eda q mi hija no respond\u00eda a ese diagn\u00f3stico.\u00a0<\/span><\/h4><h4 style=\"text-align: left;\"><span style=\"color: #000000;\"><span style=\"color: #00ccff;\">Con los resultados contact\u00e9 con Yolanda<\/span> transmiti\u00e9ndole mi preocupaci\u00f3n. <span style=\"color: #00ccff;\">Fue entonces cuando vimos la luz en medio de ese aluvi\u00f3n<\/span> en el que nos ve\u00edamos inmersos tanto nosotros los padres como la ni\u00f1a&#8230;que respondi\u00f3 con bloqueo acad\u00e9mico total.<\/span><\/h4><h4 style=\"text-align: left;\"><span style=\"color: #000000;\">Tras un primer contacto en el que con todo detalle nos escuch\u00f3, <span style=\"color: #00ccff;\">nos explic\u00f3 c\u00f3mo iba a evaluar a nuestra hija y como trabajar\u00edamos<\/span> a partir de entonces en funci\u00f3n de los resultados, nos pusimos manos a la obra. Entre otras dificultades, la hipermetrop\u00eda limitaba el que nuestra hija pudiera leer con fluidez. <span style=\"color: #00ccff;\">Fue un proceso lento,<\/span> acud\u00edamos a terapia cada semana y realiz\u00e1bamos los ejercicios recomendados en cada etapa de la misma diariamente. <span style=\"color: #00ccff;\">Notamos avances en la ni\u00f1a al poquito<\/span> tiempo. Macarena acud\u00eda muy motivada, para ella era un ratito de juego. <span style=\"color: #00ccff;\">Yolanda planteaba cada ejercicio<\/span> <span style=\"color: #00ccff;\">de tal manera que aunque le costara realizarlos no lo viese como una derrota&#8230;si no como un reto.<\/span> As\u00ed pasaron los meses superando los retos semanales. Descubriendo como cada tarea que al principio parec\u00eda entra\u00f1ar mucha dificultad al final de la semana terminaba siendo \u00abchupada\u00bb como dec\u00eda Macarena.<\/span><\/h4><h4 style=\"text-align: left;\"><span style=\"color: #000000;\">Realmente y con el paso de los a\u00f1os, <span style=\"color: #00ccff;\">(Macarena tiene 13 a\u00f1os ya)<\/span> puedo decir que <span style=\"color: #00ccff;\">gracias al trabajo realizado por Yolanda super\u00f3 su dificultad en el aprendizaje.<\/span> Yolanda<span style=\"color: #00ccff;\"> nos di\u00f3 las herramientas necesarias<\/span> <span style=\"color: #00ccff;\">para que la ni\u00f1a desarrollase las habilidades madurativas que no ten\u00eda.<\/span> Volver\u00eda a hacerlo una y mil veces y lo recomendar\u00e9 siempre. Gracias al trabajo de Yolanda, <span style=\"color: #00ccff;\">Macarena ha tenido un desarrollo acad\u00e9mico totalmente normal. Es una adolescente sin dificultades en el estudio.<\/span><\/span><\/h4>\t\t\t\t\t\t\t\t<\/div>\n\t\t\t\t<\/div>\n\t\t\t\t\t<\/div>\n\t\t<\/div>\n\t\t\t\t\t<\/div>\n\t\t<\/section>\n\t\t\t\t<section class=\"elementor-section elementor-top-section elementor-element elementor-element-1b1c3c2 elementor-section-boxed elementor-section-height-default elementor-section-height-default\" data-id=\"1b1c3c2\" data-element_type=\"section\" data-e-type=\"section\">\n\t\t\t\t\t\t<div class=\"elementor-container elementor-column-gap-default\">\n\t\t\t\t\t<div class=\"elementor-column elementor-col-100 elementor-top-column elementor-element elementor-element-34e4d56\" data-id=\"34e4d56\" data-element_type=\"column\" data-e-type=\"column\">\n\t\t\t<div class=\"elementor-widget-wrap elementor-element-populated\">\n\t\t\t\t\t\t<div class=\"elementor-element elementor-element-0e18244 elementor-widget elementor-widget-text-editor\" data-id=\"0e18244\" data-element_type=\"widget\" data-e-type=\"widget\" data-widget_type=\"text-editor.default\">\n\t\t\t\t<div class=\"elementor-widget-container\">\n\t\t\t\t\t\t\t\t\t<h3 style=\"text-align: center;\"><span style=\"color: #000080;\"><strong>Testimonio de David Nieto<\/strong> <\/span><\/h3>\t\t\t\t\t\t\t\t<\/div>\n\t\t\t\t<\/div>\n\t\t\t\t\t<\/div>\n\t\t<\/div>\n\t\t\t\t\t<\/div>\n\t\t<\/section>\n\t\t\t\t<section class=\"elementor-section elementor-top-section elementor-element elementor-element-6ed61ea elementor-section-boxed elementor-section-height-default elementor-section-height-default\" data-id=\"6ed61ea\" data-element_type=\"section\" data-e-type=\"section\">\n\t\t\t\t\t\t<div class=\"elementor-container elementor-column-gap-default\">\n\t\t\t\t\t<div class=\"elementor-column elementor-col-100 elementor-top-column elementor-element elementor-element-2292c48\" data-id=\"2292c48\" data-element_type=\"column\" data-e-type=\"column\">\n\t\t\t<div class=\"elementor-widget-wrap elementor-element-populated\">\n\t\t\t\t\t\t<div class=\"elementor-element elementor-element-b63899f elementor-widget elementor-widget-text-editor\" data-id=\"b63899f\" data-element_type=\"widget\" data-e-type=\"widget\" data-widget_type=\"text-editor.default\">\n\t\t\t\t<div class=\"elementor-widget-container\">\n\t\t\t\t\t\t\t\t\t<h4><span style=\"color: #000000;\">Hace 3 a\u00f1os <span style=\"color: #00ccff;\">empec\u00e9 a tener problemas visuales despu\u00e9s de un accidente de coche.<\/span> Al principio cuando llegu\u00e9 al Centro\u00a0 <span style=\"color: #00ccff;\">no aguantaba ning\u00fan tipo de tratamiento,<\/span> uno de los problemas\u00a0 que le coment\u00e9 a Yolanda que ten\u00eda, era que <span style=\"color: #00ccff;\">no pod\u00eda leer.<\/span> Con la paciencia y profesionalidad de Yolanda en estos a\u00f1os <span style=\"color: #00ccff;\">hemos ido progresando despacito<\/span> pero sin pausa, <span style=\"color: #00ccff;\">ahora puedo leer y mantener la atenci\u00f3n en una tarea<\/span> <span style=\"color: #00ccff;\">de cerca durante periodos cortos de tiempo,<\/span> algo que al principio era imposible. Seguimos trabajando en ello para mejorarlo, estoy muy agradecido al trabajo y esfuerzo que han puesto en mi rehabilitaci\u00f3n y recomiendo probarlo ya que se consiguen unos resultados<\/span> <span style=\"color: #000000;\">extraordinarios.<\/span><\/h4>\t\t\t\t\t\t\t\t<\/div>\n\t\t\t\t<\/div>\n\t\t\t\t\t<\/div>\n\t\t<\/div>\n\t\t\t\t\t<\/div>\n\t\t<\/section>\n\t\t\t\t<section class=\"elementor-section elementor-top-section elementor-element elementor-element-de8c72f elementor-section-boxed elementor-section-height-default elementor-section-height-default\" data-id=\"de8c72f\" data-element_type=\"section\" data-e-type=\"section\">\n\t\t\t\t\t\t<div class=\"elementor-container elementor-column-gap-default\">\n\t\t\t\t\t<div class=\"elementor-column elementor-col-100 elementor-top-column elementor-element elementor-element-2198018\" data-id=\"2198018\" data-element_type=\"column\" data-e-type=\"column\">\n\t\t\t<div class=\"elementor-widget-wrap elementor-element-populated\">\n\t\t\t\t\t\t<div class=\"elementor-element elementor-element-c61b31c elementor-widget elementor-widget-text-editor\" data-id=\"c61b31c\" data-element_type=\"widget\" data-e-type=\"widget\" data-widget_type=\"text-editor.default\">\n\t\t\t\t<div class=\"elementor-widget-container\">\n\t\t\t\t\t\t\t\t\t<h3 style=\"text-align: center;\"><strong><span style=\"color: #000080;\">Testimonio de David Piqueras<\/span><\/strong><\/h3>\t\t\t\t\t\t\t\t<\/div>\n\t\t\t\t<\/div>\n\t\t\t\t<div class=\"elementor-element elementor-element-08b61de elementor-widget elementor-widget-text-editor\" data-id=\"08b61de\" data-element_type=\"widget\" data-e-type=\"widget\" data-widget_type=\"text-editor.default\">\n\t\t\t\t<div class=\"elementor-widget-container\">\n\t\t\t\t\t\t\t\t\t<h4><span style=\"color: #000000;\">Nadie se dio cuenta de que <span style=\"color: #00ccff;\">David ten\u00eda un problema en un ojo,<\/span> hasta que casi ten\u00eda 3 a\u00f1os. S\u00ed sab\u00edamos que era un ni\u00f1o que <span style=\"color: #00ccff;\">se ca\u00eda, se chocaba y ten\u00eda accidentes en los que se hac\u00eda bastante da\u00f1o. A la vez era torpe y muy movido<\/span> <span style=\"color: #00ccff;\">y<\/span> <span style=\"color: #00ccff;\">no era capaz de aprender secuencias de movimientos que otros ni\u00f1os s\u00ed consegu\u00edan,<\/span> <span style=\"color: #00ccff;\">ni de tener una buena coordinaci\u00f3n. <\/span><\/span><span style=\"color: #000000;\">Los oftalm\u00f3logos <span style=\"color: #00ccff;\">diagnosticaron estrabismo y ojo vago, y le pusieron un parche<\/span> <span style=\"color: #00ccff;\">casi todo el d\u00eda;<\/span> <span style=\"color: #00ccff;\">para el cole tambi\u00e9n.<\/span> En un a\u00f1o <span style=\"color: #00ccff;\">mejor\u00f3 muy poco de la vista y nada de lo dem\u00e1s. <\/span><\/span><span style=\"color: #000000;\"><span style=\"color: #00ccff;\">Le resultaba imposible realizar los trazos de las letras y meterlos entre las pautas;<\/span> los cuadritos eran mucho peor y estaba claro que lo de <span style=\"color: #00ccff;\">dibujar no era lo suyo.<\/span> <span style=\"color: #00ccff;\">La tutora<\/span> nos <span style=\"color: #00ccff;\">plante\u00f3 que pod\u00eda tener un retraso mental,<\/span> sin embargo, <span style=\"color: #00ccff;\">su pediatra y el Servicio de Atenci\u00f3n temprana de la CAM opinaban todo lo contrario<\/span>: David <span style=\"color: #00ccff;\">ten\u00eda<\/span> unas <span style=\"color: #00ccff;\">capacidades muy elevadas. <\/span><\/span><span style=\"color: #000000;\"><span style=\"color: #00ccff;\">Su pediatra nos habl\u00f3 de Yolanda y sus resultados con la terapia visual.<\/span> Ella nos escuch\u00f3, nos pregunt\u00f3 de todo y, tras hacerle un exhaustivo estudio del movimiento, la visi\u00f3n y la audici\u00f3n, nos explic\u00f3 que el ojo de David no quer\u00eda funcionar y lo que eso significaba para la calidad de su visi\u00f3n y de su vida en el d\u00eda a d\u00eda y en el colegio. Adem\u00e1s, ten\u00eda un retaso madurativo en la coordinaci\u00f3n del movimiento. <\/span><span style=\"color: #000000;\">Por tanto, <span style=\"color: #00ccff;\">hab\u00eda que ense\u00f1ar a su cerebro a controlar las partes de su cuerpo y, sobre todo, a utilizar y controlar los 2 ojos a la vez.<\/span> Comenzamos con unos ejercicios diarios de \u00abgimnasia para el cuerpo y el cerebro\u00bb y fue <span style=\"color: #00ccff;\">reduciendo el uso del parche hasta retirarlo por completo.<\/span> Poco despu\u00e9s se a\u00f1adieron ejercicios para los ojos. <\/span><span style=\"color: #000000;\"><span style=\"color: #00ccff;\">En unos meses,<\/span> <span style=\"color: #00ccff;\">David hac\u00eda con normalidad casi todo lo que hac\u00edan los dem\u00e1s ni\u00f1os. Aprendi\u00f3 a leer y tambi\u00e9n a escribir<\/span> con algo m\u00e1s de dificultad. Con m\u00e1s tiempo, <span style=\"color: #00ccff;\">pas\u00f3 a ser \u00abbueno\u00bb<\/span> <span style=\"color: #00ccff;\">en Educaci\u00f3n F\u00edsica y recuper\u00f3 mucha agudeza visual.<\/span> <span style=\"color: #00ccff;\">Ya no ten\u00eda m\u00e1s accidentes<\/span> que los normales en un ni\u00f1o de su edad. <\/span><span style=\"color: #000000;\">Terminado el programa de ejercicios,<span style=\"color: #00ccff;\"> nos centramos en los ojos y siguieron mejorando su letra y su rendimiento acad\u00e9mico<\/span> a la vez que lo hac\u00eda <span style=\"color: #00ccff;\">su agudeza visual<\/span> y <span style=\"color: #00ccff;\">el control de sus ojos;<\/span> adem\u00e1s pod\u00eda montar en bici, patinar o nadar como los dem\u00e1s. <span style=\"color: #00ccff;\">Sin embargo, no alcanz\u00e1bamos una aceptable visi\u00f3n<\/span> <span style=\"color: #00ccff;\">tridimensional. <\/span><\/span><span style=\"color: #000000;\">Como final de la terapia,\u00a0<span style=\"color: #00ccff;\"> Yolanda nos propuso el tratamiento con luz.<\/span> Los resultados han sido espectaculares. <\/span><span style=\"color: #000000;\"><span style=\"color: #00ccff;\">Un mes despu\u00e9s de acabar las sesiones, <span style=\"color: #3366ff;\"><strong>David me dijo muy sorprendido: \u00abMam\u00e1, las nubes son como algodones que est\u00e1n colgados&#8230;, que flotan.<\/strong><\/span><\/span><span style=\"color: #3366ff;\"><strong> (&#8230;) Yo antes las ve\u00eda como en los cuadros, como pintadas. Y ahora tambi\u00e9n puedo ver que los \u00e1rboles no est\u00e1n todos juntos al fondo, que hay filas por delante.\u00bb <\/strong><\/span><\/span><span style=\"color: #000000;\"><span style=\"color: #00ccff;\">Para nuestra sorpresa, empez\u00f3 a querer dibujar,<\/span> antes se sent\u00eda incapaz, se re\u00edan de \u00e9l y no quer\u00eda. <span style=\"color: #00ccff;\">Estuvo meses sin parar de dibujar<\/span> y ahora lo hace muy bien. <\/span><span style=\"color: #000000;\"><span style=\"color: #00ccff;\">Gracias a los conocimientos y el trabajo del equipo de terapia, David ha superado sus problemas lo<\/span> <span style=\"color: #00ccff;\">suficiente como para llevar una vida normal<\/span> <span style=\"color: #00ccff;\">y hacer lo mismo que cualquier ni\u00f1o con \u00e9xito.<\/span> Su \u00faltimo logro ha sido poder jugar al futbol con todos los dem\u00e1s.<\/span><\/h4>\t\t\t\t\t\t\t\t<\/div>\n\t\t\t\t<\/div>\n\t\t\t\t\t<\/div>\n\t\t<\/div>\n\t\t\t\t\t<\/div>\n\t\t<\/section>\n\t\t\t\t<section class=\"elementor-section elementor-top-section elementor-element elementor-element-8578042 elementor-section-boxed elementor-section-height-default elementor-section-height-default\" data-id=\"8578042\" data-element_type=\"section\" data-e-type=\"section\">\n\t\t\t\t\t\t<div class=\"elementor-container elementor-column-gap-default\">\n\t\t\t\t\t<div class=\"elementor-column elementor-col-100 elementor-top-column elementor-element elementor-element-b26bb65\" data-id=\"b26bb65\" data-element_type=\"column\" data-e-type=\"column\">\n\t\t\t<div class=\"elementor-widget-wrap elementor-element-populated\">\n\t\t\t\t\t\t<div class=\"elementor-element elementor-element-0ff98a4 elementor-widget elementor-widget-text-editor\" data-id=\"0ff98a4\" data-element_type=\"widget\" data-e-type=\"widget\" data-widget_type=\"text-editor.default\">\n\t\t\t\t<div class=\"elementor-widget-container\">\n\t\t\t\t\t\t\t\t\t<h3 style=\"text-align: center;\"><span style=\"color: #000080;\"><strong>Testimonio de Triana Aragon\u00e9s<\/strong><\/span><\/h3>\t\t\t\t\t\t\t\t<\/div>\n\t\t\t\t<\/div>\n\t\t\t\t\t<\/div>\n\t\t<\/div>\n\t\t\t\t\t<\/div>\n\t\t<\/section>\n\t\t\t\t<section class=\"elementor-section elementor-top-section elementor-element elementor-element-0be782c elementor-section-boxed elementor-section-height-default elementor-section-height-default\" data-id=\"0be782c\" data-element_type=\"section\" data-e-type=\"section\">\n\t\t\t\t\t\t<div class=\"elementor-container elementor-column-gap-default\">\n\t\t\t\t\t<div class=\"elementor-column elementor-col-100 elementor-top-column elementor-element elementor-element-900317f\" data-id=\"900317f\" data-element_type=\"column\" data-e-type=\"column\">\n\t\t\t<div class=\"elementor-widget-wrap elementor-element-populated\">\n\t\t\t\t\t\t<div class=\"elementor-element elementor-element-d507206 elementor-widget elementor-widget-text-editor\" data-id=\"d507206\" data-element_type=\"widget\" data-e-type=\"widget\" data-widget_type=\"text-editor.default\">\n\t\t\t\t<div class=\"elementor-widget-container\">\n\t\t\t\t\t\t\t\t\t<h4><span style=\"color: #3366ff;\">Buenas tardes, Nacho! Quer\u00eda indicarte el c\u00f3mo hemos vivido el proceso de la terapia visual de Triana.<\/span><br \/><span style=\"color: #000000;\">Al principio, con todos los miedos del mundo debido a la informaci\u00f3n que acab\u00e1bamos de recibir y por qu\u00e9 no, se puede incluso decir qu\u00e9 desconfianza. Triana comenz\u00f3 con muchas carencias en sus estudios debido a la falta de conceptos por su problema en el aprendizaje. <span style=\"color: #33cccc;\">Poco a poco con vuestra terapia visual, ella se ha vuelto m\u00e1s aut\u00f3noma, su vocabulario m\u00e1s amplio y ha aprendido a gestionar su tiempo de estudio.<\/span> Los resultados en los cursos han sido buenos y <span style=\"color: #3366ff;\">el d\u00eda a d\u00eda en el colegio para ella ha sido m\u00e1s llevadero y todo esto gracias al trabajo que has realizado con ella.<\/span> <span style=\"color: #00ccff;\">Muchas gracias por todo<\/span><\/span><\/h4>\t\t\t\t\t\t\t\t<\/div>\n\t\t\t\t<\/div>\n\t\t\t\t\t<\/div>\n\t\t<\/div>\n\t\t\t\t\t<\/div>\n\t\t<\/section>\n\t\t\t\t<section class=\"elementor-section elementor-top-section elementor-element elementor-element-48b346b elementor-section-boxed elementor-section-height-default elementor-section-height-default\" data-id=\"48b346b\" data-element_type=\"section\" data-e-type=\"section\">\n\t\t\t\t\t\t<div class=\"elementor-container elementor-column-gap-default\">\n\t\t\t\t\t<div class=\"elementor-column elementor-col-100 elementor-top-column elementor-element elementor-element-eb3355e\" data-id=\"eb3355e\" data-element_type=\"column\" data-e-type=\"column\">\n\t\t\t<div class=\"elementor-widget-wrap elementor-element-populated\">\n\t\t\t\t\t\t<div class=\"elementor-element elementor-element-ac76cd6 elementor-widget elementor-widget-text-editor\" data-id=\"ac76cd6\" data-element_type=\"widget\" data-e-type=\"widget\" data-widget_type=\"text-editor.default\">\n\t\t\t\t<div class=\"elementor-widget-container\">\n\t\t\t\t\t\t\t\t\t<h3 style=\"text-align: center;\"><span style=\"color: #000080;\"><strong>Testimonio de Marco Ortiz<\/strong><\/span><\/h3>\t\t\t\t\t\t\t\t<\/div>\n\t\t\t\t<\/div>\n\t\t\t\t\t<\/div>\n\t\t<\/div>\n\t\t\t\t\t<\/div>\n\t\t<\/section>\n\t\t\t\t<section class=\"elementor-section elementor-top-section elementor-element elementor-element-d02b11a elementor-section-boxed elementor-section-height-default elementor-section-height-default\" data-id=\"d02b11a\" data-element_type=\"section\" data-e-type=\"section\">\n\t\t\t\t\t\t<div class=\"elementor-container elementor-column-gap-default\">\n\t\t\t\t\t<div class=\"elementor-column elementor-col-100 elementor-top-column elementor-element elementor-element-5237b2a\" data-id=\"5237b2a\" data-element_type=\"column\" data-e-type=\"column\">\n\t\t\t<div class=\"elementor-widget-wrap elementor-element-populated\">\n\t\t\t\t\t\t<div class=\"elementor-element elementor-element-0f6b3ff elementor-widget elementor-widget-text-editor\" data-id=\"0f6b3ff\" data-element_type=\"widget\" data-e-type=\"widget\" data-widget_type=\"text-editor.default\">\n\t\t\t\t<div class=\"elementor-widget-container\">\n\t\t\t\t\t\t\t\t\t<h4><span style=\"color: #000000;\"><span style=\"color: #33cccc;\">Conocimos la cl\u00ednica por recomendaci\u00f3n de una profesora. Yolanda y Nacho nos explicaron todo perfectamente.<\/span> <span style=\"color: #3366ff;\">Nuestros dos hijos fueron tanto a terapia auditiva como visual y su mejor\u00eda fue incre\u00edble.<\/span> La Optometr\u00eda es un mundo enorme pero este equipo hace que todo sea f\u00e1cil y comprensible tanto para los ni\u00f1os como para los pap\u00e1s. <span style=\"color: #3366ff;\">Los peques ven su mejor\u00eda y con ello se animan a trabajar m\u00e1s y mejor.<\/span> <span style=\"color: #33cccc;\">Estamos muy agradecidos por la atenci\u00f3n, la paciencia, la dedicaci\u00f3n y el esfuerzo de estos profesionales. Gracias por todo<\/span><\/span><\/h4>\t\t\t\t\t\t\t\t<\/div>\n\t\t\t\t<\/div>\n\t\t\t\t\t<\/div>\n\t\t<\/div>\n\t\t\t\t\t<\/div>\n\t\t<\/section>\n\t\t\t\t<section class=\"elementor-section elementor-top-section elementor-element elementor-element-2acdcad elementor-section-boxed elementor-section-height-default elementor-section-height-default\" data-id=\"2acdcad\" data-element_type=\"section\" data-e-type=\"section\">\n\t\t\t\t\t\t<div class=\"elementor-container elementor-column-gap-default\">\n\t\t\t\t\t<div class=\"elementor-column elementor-col-100 elementor-top-column elementor-element elementor-element-f9e3bfc\" data-id=\"f9e3bfc\" data-element_type=\"column\" data-e-type=\"column\">\n\t\t\t<div class=\"elementor-widget-wrap elementor-element-populated\">\n\t\t\t\t\t\t<div class=\"elementor-element elementor-element-2b7ea3e elementor-widget elementor-widget-text-editor\" data-id=\"2b7ea3e\" data-element_type=\"widget\" data-e-type=\"widget\" data-widget_type=\"text-editor.default\">\n\t\t\t\t<div class=\"elementor-widget-container\">\n\t\t\t\t\t\t\t\t\t<h3 style=\"text-align: center;\"><strong><span style=\"color: #000080;\">Testimonio de Leyre y Jes\u00fas Carranza<\/span><\/strong><\/h3>\t\t\t\t\t\t\t\t<\/div>\n\t\t\t\t<\/div>\n\t\t\t\t\t<\/div>\n\t\t<\/div>\n\t\t\t\t\t<\/div>\n\t\t<\/section>\n\t\t\t\t<section class=\"elementor-section elementor-top-section elementor-element elementor-element-167cc53 elementor-section-boxed elementor-section-height-default elementor-section-height-default\" data-id=\"167cc53\" data-element_type=\"section\" data-e-type=\"section\">\n\t\t\t\t\t\t<div class=\"elementor-container elementor-column-gap-default\">\n\t\t\t\t\t<div class=\"elementor-column elementor-col-100 elementor-top-column elementor-element elementor-element-bb21381\" data-id=\"bb21381\" data-element_type=\"column\" data-e-type=\"column\">\n\t\t\t<div class=\"elementor-widget-wrap elementor-element-populated\">\n\t\t\t\t\t\t<div class=\"elementor-element elementor-element-c764967 elementor-widget elementor-widget-text-editor\" data-id=\"c764967\" data-element_type=\"widget\" data-e-type=\"widget\" data-widget_type=\"text-editor.default\">\n\t\t\t\t<div class=\"elementor-widget-container\">\n\t\t\t\t\t\t\t\t\t<h4><span style=\"color: #000000;\">En mi caso he tenido a mis dos hijos en terapia visual, <span style=\"color: #3366ff;\">el avance con los dos ha sido incre\u00edble.<\/span> Requiere de constancia y trabajo en casa pero <span style=\"color: #33cccc;\">los resultados merecen mucho la pena, nosotros estamos encantados con el trabajo tanto de Yolanda como de Nacho. Muchas gracias por vuestra implicaci\u00f3n y ayuda<\/span><\/span><\/h4>\t\t\t\t\t\t\t\t<\/div>\n\t\t\t\t<\/div>\n\t\t\t\t\t<\/div>\n\t\t<\/div>\n\t\t\t\t\t<\/div>\n\t\t<\/section>\n\t\t\t\t<section class=\"elementor-section elementor-top-section elementor-element elementor-element-d42f3ae elementor-section-boxed elementor-section-height-default elementor-section-height-default\" data-id=\"d42f3ae\" data-element_type=\"section\" data-e-type=\"section\">\n\t\t\t\t\t\t<div class=\"elementor-container elementor-column-gap-default\">\n\t\t\t\t\t<div class=\"elementor-column elementor-col-100 elementor-top-column elementor-element elementor-element-331b230\" data-id=\"331b230\" data-element_type=\"column\" data-e-type=\"column\">\n\t\t\t<div class=\"elementor-widget-wrap elementor-element-populated\">\n\t\t\t\t\t\t<div class=\"elementor-element elementor-element-a0a6a78 elementor-widget elementor-widget-text-editor\" data-id=\"a0a6a78\" data-element_type=\"widget\" data-e-type=\"widget\" data-widget_type=\"text-editor.default\">\n\t\t\t\t<div class=\"elementor-widget-container\">\n\t\t\t\t\t\t\t\t\t<h3 style=\"text-align: center;\"><span style=\"color: #000080;\"><strong>Testimonio de Daniela Luaces<\/strong><\/span><\/h3>\t\t\t\t\t\t\t\t<\/div>\n\t\t\t\t<\/div>\n\t\t\t\t\t<\/div>\n\t\t<\/div>\n\t\t\t\t\t<\/div>\n\t\t<\/section>\n\t\t\t\t<section class=\"elementor-section elementor-top-section elementor-element elementor-element-29cf4d9 elementor-section-boxed elementor-section-height-default elementor-section-height-default\" data-id=\"29cf4d9\" data-element_type=\"section\" data-e-type=\"section\">\n\t\t\t\t\t\t<div class=\"elementor-container elementor-column-gap-default\">\n\t\t\t\t\t<div class=\"elementor-column elementor-col-100 elementor-top-column elementor-element elementor-element-114e46f\" data-id=\"114e46f\" data-element_type=\"column\" data-e-type=\"column\">\n\t\t\t<div class=\"elementor-widget-wrap elementor-element-populated\">\n\t\t\t\t\t\t<div class=\"elementor-element elementor-element-ceb6362 elementor-widget elementor-widget-text-editor\" data-id=\"ceb6362\" data-element_type=\"widget\" data-e-type=\"widget\" data-widget_type=\"text-editor.default\">\n\t\t\t\t<div class=\"elementor-widget-container\">\n\t\t\t\t\t\t\t\t\t<h4><span style=\"color: #000000;\">En la tutor\u00eda de 3\u00ba infantil la profesora de mi hija detect\u00f3 que ten\u00eda problemas para copiar de la pizarra, distinguir y copiar algunas letras y n\u00fameros, problemas a la hora de copiar series&#8230; se dio cuenta que solo pasaba en ocasiones y no con todas las letras u objetos. No cre\u00eda que fuese un problema visual porque otras cosas las ve\u00eda sin problemas. Nos explic\u00f3, desde lo que ella conoc\u00eda, los problemas que ten\u00edan los menores con reflejos no integrados y c\u00f3mo todo encajaba a la perfecci\u00f3n con la ni\u00f1a. <\/span><br \/><span style=\"color: #000000;\"><span style=\"color: #33cccc;\">Nos recomend\u00f3 este centro y pedimos cita.<\/span> <span style=\"color: #3366ff;\">Dar con Nacho fue toda una suerte. No solo nos explic\u00f3 todo de una manera f\u00e1cil y sencilla que alguien que no sabe de esto pueda entender. Nos dio todas la facilidades y respondi\u00f3 a todas nuestras preguntas.<\/span><\/span><br \/><span style=\"color: #33cccc;\">Daniela encaj\u00f3 perfectamente con Nacho. Esperaba los d\u00edas de terapia con ganas e ilusi\u00f3n y hac\u00eda todos los ejercicios sin problemas. <\/span><br \/><span style=\"color: #3366ff;\">Poco a poco fuimos notando como cada vez ten\u00eda m\u00e1s control motor de su cuerpo y de su vista. Prestaba m\u00e1s atenci\u00f3n a las indicaciones, invert\u00eda menos tiempo en las tareas, se cansaba menos al leer y estaba mucho m\u00e1s centrada en general.<\/span><br \/><span style=\"color: #000000;\"><span style=\"color: #33cccc;\">Tras casi dos a\u00f1os ha mejorado much\u00edsimo en el cole y en casa.<\/span> A\u00fan nos queda por trabajar pero ya por nuestra cuenta. Con todas las herramientas e indicaciones que Nacho nos ha dado en este tiempo s\u00e9 qu\u00e9 cosas tener en cuenta y c\u00f3mo ayudarla.<\/span><br \/><span style=\"color: #3366ff;\">Ha pasado de ser una ni\u00f1a que parec\u00eda tener todos los rasgos t\u00edpicos de un D\u00e9ficit de Atenci\u00f3n a ser una ni\u00f1a que le cuesta un poco m\u00e1s que a la media pero que ya sabemos que con ayuda y esfuerzo tiene las capacidades para llegar a la media y sobresalir en algunos aspectos.<\/span><\/h4>\t\t\t\t\t\t\t\t<\/div>\n\t\t\t\t<\/div>\n\t\t\t\t\t<\/div>\n\t\t<\/div>\n\t\t\t\t\t<\/div>\n\t\t<\/section>\n\t\t\t\t<section class=\"elementor-section elementor-top-section elementor-element elementor-element-c170ae3 elementor-section-boxed elementor-section-height-default elementor-section-height-default\" data-id=\"c170ae3\" data-element_type=\"section\" data-e-type=\"section\">\n\t\t\t\t\t\t<div class=\"elementor-container elementor-column-gap-default\">\n\t\t\t\t\t<div class=\"elementor-column elementor-col-100 elementor-top-column elementor-element elementor-element-b640ecc\" data-id=\"b640ecc\" data-element_type=\"column\" data-e-type=\"column\">\n\t\t\t<div class=\"elementor-widget-wrap elementor-element-populated\">\n\t\t\t\t\t\t<div class=\"elementor-element elementor-element-2cf6c52 elementor-widget elementor-widget-text-editor\" data-id=\"2cf6c52\" data-element_type=\"widget\" data-e-type=\"widget\" data-widget_type=\"text-editor.default\">\n\t\t\t\t<div class=\"elementor-widget-container\">\n\t\t\t\t\t\t\t\t\t<h3 style=\"text-align: center;\"><strong><span style=\"color: #000080;\">Testimonio de C\u00e9sar Alonso<\/span><\/strong><\/h3>\t\t\t\t\t\t\t\t<\/div>\n\t\t\t\t<\/div>\n\t\t\t\t\t<\/div>\n\t\t<\/div>\n\t\t\t\t\t<\/div>\n\t\t<\/section>\n\t\t\t\t<section class=\"elementor-section elementor-top-section elementor-element elementor-element-8f1cad4 elementor-section-boxed elementor-section-height-default elementor-section-height-default\" data-id=\"8f1cad4\" data-element_type=\"section\" data-e-type=\"section\">\n\t\t\t\t\t\t<div class=\"elementor-container elementor-column-gap-default\">\n\t\t\t\t\t<div class=\"elementor-column elementor-col-100 elementor-top-column elementor-element elementor-element-2b36454\" data-id=\"2b36454\" data-element_type=\"column\" data-e-type=\"column\">\n\t\t\t<div class=\"elementor-widget-wrap elementor-element-populated\">\n\t\t\t\t\t\t<div class=\"elementor-element elementor-element-1769603 elementor-widget elementor-widget-text-editor\" data-id=\"1769603\" data-element_type=\"widget\" data-e-type=\"widget\" data-widget_type=\"text-editor.default\">\n\t\t\t\t<div class=\"elementor-widget-container\">\n\t\t\t\t\t\t\t\t\t<h4><span style=\"color: #000000;\">En nuestro caso, por sugerencia de los tutores del colegio, se observaba que algo \u201c no iba tan bien como deber\u00eda \u201c<\/span><br \/><span style=\"color: #33cccc;\">Primero la terapia auditiva, realmente necesaria.<\/span><br \/><span style=\"color: #000000;\"><span style=\"color: #33cccc;\">Despu\u00e9s la terapia visual,<\/span> con toda la paciencia del mundo, con algunos ejercicios para casa!! <\/span><br \/><span style=\"color: #33cccc;\">Desde el principio, resultados positivos, y tras cuatro cursos , podemos decir , que estamos aprobados!!<\/span><br \/><span style=\"color: #3366ff;\">Es una gran suerte , haber dado con Yolanda, que supo \u00abtocar la tecla \u201c<\/span><br \/><span style=\"color: #3366ff;\">Mil gracias, por ser as\u00ed.<\/span><\/h4>\t\t\t\t\t\t\t\t<\/div>\n\t\t\t\t<\/div>\n\t\t\t\t\t<\/div>\n\t\t<\/div>\n\t\t\t\t\t<\/div>\n\t\t<\/section>\n\t\t\t\t<section class=\"elementor-section elementor-top-section elementor-element elementor-element-0302a97 elementor-section-boxed elementor-section-height-default elementor-section-height-default\" data-id=\"0302a97\" data-element_type=\"section\" data-e-type=\"section\">\n\t\t\t\t\t\t<div class=\"elementor-container elementor-column-gap-default\">\n\t\t\t\t\t<div class=\"elementor-column elementor-col-100 elementor-top-column elementor-element elementor-element-b4feaa3\" data-id=\"b4feaa3\" data-element_type=\"column\" data-e-type=\"column\">\n\t\t\t<div class=\"elementor-widget-wrap elementor-element-populated\">\n\t\t\t\t\t\t<div class=\"elementor-element elementor-element-0f25ced elementor-widget elementor-widget-text-editor\" data-id=\"0f25ced\" data-element_type=\"widget\" data-e-type=\"widget\" data-widget_type=\"text-editor.default\">\n\t\t\t\t<div class=\"elementor-widget-container\">\n\t\t\t\t\t\t\t\t\t<h3 style=\"text-align: center;\"><strong><span style=\"color: #000080;\">Testimonio de Miriam Avil\u00e9s<\/span><\/strong><\/h3>\t\t\t\t\t\t\t\t<\/div>\n\t\t\t\t<\/div>\n\t\t\t\t\t<\/div>\n\t\t<\/div>\n\t\t\t\t\t<\/div>\n\t\t<\/section>\n\t\t\t\t<section class=\"elementor-section elementor-top-section elementor-element elementor-element-12a459b elementor-section-boxed elementor-section-height-default elementor-section-height-default\" data-id=\"12a459b\" data-element_type=\"section\" data-e-type=\"section\">\n\t\t\t\t\t\t<div class=\"elementor-container elementor-column-gap-default\">\n\t\t\t\t\t<div class=\"elementor-column elementor-col-100 elementor-top-column elementor-element elementor-element-a1e3c2e\" data-id=\"a1e3c2e\" data-element_type=\"column\" data-e-type=\"column\">\n\t\t\t<div class=\"elementor-widget-wrap elementor-element-populated\">\n\t\t\t\t\t\t<div class=\"elementor-element elementor-element-33ebfb1 elementor-widget elementor-widget-text-editor\" data-id=\"33ebfb1\" data-element_type=\"widget\" data-e-type=\"widget\" data-widget_type=\"text-editor.default\">\n\t\t\t\t<div class=\"elementor-widget-container\">\n\t\t\t\t\t\t\t\t\t<h4><span style=\"color: #000000;\"><span style=\"color: #33cccc;\">Miriam es una ni\u00f1a a la que le apasiona leer, escribir, hacer manualidades, etc&#8230;<\/span> A finales<\/span><br \/><span style=\"color: #000000;\">del a\u00f1o 2020 (9 a\u00f1os), <span style=\"color: #3366ff;\">comenzamos a notar algo de rechazo por esas actividades, dificultad para hacer los deberes, leer y s\u00edntomas de malestar como dolor de cabeza, mareos, visi\u00f3n doble&#8230;<\/span><\/span><br \/><span style=\"color: #000000;\"><span style=\"color: #33cccc;\">Acudimos al hospital y la derivaron a oftalmolog\u00eda, all\u00ed la valoraron diferentes profesionales confirmando que lo \u00fanico que ten\u00eda Miriam era una baja agudeza visual en ambos ojos y que lo dem\u00e1s se lo inventaba la ni\u00f1a para llamar la atenci\u00f3n.<\/span> Muy en desacuerdo con el<\/span><br \/><span style=\"color: #000000;\">diagn\u00f3stico dado quisimos seguir buscando una segunda opini\u00f3n. La profesora de su hermana menor que estaba al tanto de la situaci\u00f3n, nos recomend\u00f3 ir a Opticalia y comentar el caso a sus profesionales.<\/span><br \/><span style=\"color: #000000;\">Una vez all\u00ed, nos atendi\u00f3 <span style=\"color: #3366ff;\">Nacho, gran profesional y cercano<\/span>, que hizo una primera evaluaci\u00f3n y determin\u00f3 que la visi\u00f3n de <span style=\"color: #3366ff;\">Miriam estaba totalmente afectada por estr\u00e9s emocional<\/span>, se sent\u00eda insegura y con miedos <span style=\"color: #3366ff;\">debido a una situaci\u00f3n vivida en casa por enfermedad de un miembro familiar, provocando adem\u00e1s visi\u00f3n r\u00edgida, poco flexible y comportamiento similar.<\/span><\/span><br \/><span style=\"color: #000000;\">Nos explic\u00f3 detalladamente <span style=\"color: #33cccc;\">los pasos y tratamientos a seguir<\/span> que <span style=\"color: #33cccc;\">fueron:<\/span><\/span><br \/><span style=\"color: #000000;\"><span style=\"color: #3366ff;\">\u2022 Gafas con cristales de rendimiento durante 3 meses.<\/span><\/span><br \/><span style=\"color: #3366ff;\">\u2022 Sesiones de fotoestimulaci\u00f3n.<\/span><br \/><span style=\"color: #3366ff;\">\u2022 Terapia visual.<\/span><br \/><span style=\"color: #000000;\">Hubo mucha constancia y dedicaci\u00f3n por parte de Miriam y nosotros (sus pap\u00e1s) porque<\/span><br \/><span style=\"color: #000000;\">adem\u00e1s de las sesiones en cl\u00ednica, requiere tambi\u00e9n mucho trabajo en casa, sobre todo, en los trabajos de terapia visual.<\/span><br \/><span style=\"color: #3366ff;\">Ya solo con el primer tratamiento comenzamos a notar una mejora considerable en su visi\u00f3n y en el \u00e1mbito escolar.<\/span><br \/><span style=\"color: #000000;\">Conforme avanz\u00e1bamos en la terapia, <span style=\"color: #3366ff;\">los resultados en Miriam eran incre\u00edbles, el<\/span><\/span><br \/><span style=\"color: #3366ff;\">problema visual iba desapareciendo, mostrando un gran cambio en su vida, su visi\u00f3n y gesti\u00f3n de emociones.<\/span><br \/><span style=\"color: #33cccc;\">No imagin\u00e1bamos nunca que este tipo de terapia nos solucionar\u00eda un gran problema en<\/span><br \/><span style=\"color: #33cccc;\">el que los oftalm\u00f3logos no nos daban ninguna soluci\u00f3n.<\/span><br \/><span style=\"color: #000000;\">Ahora mismo Miriam (casi 12 a\u00f1os), est\u00e1 IRRECONOCIBLE, flexible, segura de s\u00ed misma,<\/span><br \/><span style=\"color: #000000;\">volcada y disfrutando de sus estudios, estable emocionalmente y con una visi\u00f3n impecable.<\/span><br \/><span style=\"color: #33cccc;\">Estamos muy agradecidos con el personal de OPTICALIA, en especial con Nacho por la<\/span><br \/><span style=\"color: #33cccc;\">dedicaci\u00f3n, cari\u00f1o confianza y empe\u00f1o que nos ha mostrado todo este tiempo.<\/span><\/h4>\t\t\t\t\t\t\t\t<\/div>\n\t\t\t\t<\/div>\n\t\t\t\t\t<\/div>\n\t\t<\/div>\n\t\t\t\t\t<\/div>\n\t\t<\/section>\n\t\t\t\t<section class=\"elementor-section elementor-top-section elementor-element elementor-element-b319b6c elementor-section-boxed elementor-section-height-default elementor-section-height-default\" data-id=\"b319b6c\" data-element_type=\"section\" data-e-type=\"section\">\n\t\t\t\t\t\t<div class=\"elementor-container elementor-column-gap-default\">\n\t\t\t\t\t<div class=\"elementor-column elementor-col-100 elementor-top-column elementor-element elementor-element-6d5aaa0\" data-id=\"6d5aaa0\" data-element_type=\"column\" data-e-type=\"column\">\n\t\t\t<div class=\"elementor-widget-wrap elementor-element-populated\">\n\t\t\t\t\t\t<div class=\"elementor-element elementor-element-f9791d8 elementor-widget elementor-widget-text-editor\" data-id=\"f9791d8\" data-element_type=\"widget\" data-e-type=\"widget\" data-widget_type=\"text-editor.default\">\n\t\t\t\t<div class=\"elementor-widget-container\">\n\t\t\t\t\t\t\t\t\t<h3 style=\"text-align: center;\"><strong><span style=\"color: #000080;\">Testimonio de Diego<\/span><\/strong><\/h3>\t\t\t\t\t\t\t\t<\/div>\n\t\t\t\t<\/div>\n\t\t\t\t\t<\/div>\n\t\t<\/div>\n\t\t\t\t\t<\/div>\n\t\t<\/section>\n\t\t\t\t<section class=\"elementor-section elementor-top-section elementor-element elementor-element-1162df3 elementor-section-boxed elementor-section-height-default elementor-section-height-default\" data-id=\"1162df3\" data-element_type=\"section\" data-e-type=\"section\">\n\t\t\t\t\t\t<div class=\"elementor-container elementor-column-gap-default\">\n\t\t\t\t\t<div class=\"elementor-column elementor-col-100 elementor-top-column elementor-element elementor-element-32ff727\" data-id=\"32ff727\" data-element_type=\"column\" data-e-type=\"column\">\n\t\t\t<div class=\"elementor-widget-wrap elementor-element-populated\">\n\t\t\t\t\t\t<div class=\"elementor-element elementor-element-d769587 elementor-widget elementor-widget-text-editor\" data-id=\"d769587\" data-element_type=\"widget\" data-e-type=\"widget\" data-widget_type=\"text-editor.default\">\n\t\t\t\t<div class=\"elementor-widget-container\">\n\t\t\t\t\t\t\t\t\t<h4><span style=\"color: #33cccc;\"><strong>Nuestra experiencia con la terapia visual ha sido muy positiva.<\/strong><\/span><\/h4><h4><strong><span style=\"color: #000000;\"><span style=\"color: #3366ff;\">Diego entr\u00f3 con bastantes carencias a nivel visual y auditivo. Durante el a\u00f1o y pico que hemos estado trabajando con Yolanda ha ido mejorando en ambos canales, vi\u00e9ndose favorecidas su atenci\u00f3n y memorizaci\u00f3n en las tareas escolares y del d\u00eda a d\u00eda<\/span>. Creo que fue un acierto contactar con vosotros, a \u00e9l le hab\u00e9is ayudado a trabajar con mejor calidad y a nosotros nos hab\u00e9is dado las pautas necesarias para ayudarle a conseguirlo.<\/span><\/strong><\/h4><h4><strong><span style=\"color: #000000;\"><span style=\"color: #33cccc;\">Admiro la paciencia que has tenido en cada sesi\u00f3n y la motivaci\u00f3n que le has transmitido<\/span> en cada uno de los juegos o actividades realizadas. <\/span><\/strong><span style=\"color: #33cccc;\"><strong>Muchas gracias por vuestra dedicaci\u00f3n y trabajo<\/strong><\/span><\/h4>\t\t\t\t\t\t\t\t<\/div>\n\t\t\t\t<\/div>\n\t\t\t\t\t<\/div>\n\t\t<\/div>\n\t\t\t\t\t<\/div>\n\t\t<\/section>\n\t\t\t\t<section class=\"elementor-section elementor-top-section elementor-element elementor-element-de8b76f elementor-section-boxed elementor-section-height-default elementor-section-height-default\" data-id=\"de8b76f\" data-element_type=\"section\" data-e-type=\"section\">\n\t\t\t\t\t\t<div class=\"elementor-container elementor-column-gap-default\">\n\t\t\t\t\t<div class=\"elementor-column elementor-col-100 elementor-top-column elementor-element elementor-element-19a7609\" data-id=\"19a7609\" data-element_type=\"column\" data-e-type=\"column\">\n\t\t\t<div class=\"elementor-widget-wrap elementor-element-populated\">\n\t\t\t\t\t\t<div class=\"elementor-element elementor-element-effa58b elementor-widget elementor-widget-text-editor\" data-id=\"effa58b\" data-element_type=\"widget\" data-e-type=\"widget\" data-widget_type=\"text-editor.default\">\n\t\t\t\t<div class=\"elementor-widget-container\">\n\t\t\t\t\t\t\t\t\t<h3 style=\"text-align: center;\"><strong><span style=\"color: #000080;\">Testimonio de Martina<\/span><\/strong><\/h3>\t\t\t\t\t\t\t\t<\/div>\n\t\t\t\t<\/div>\n\t\t\t\t\t<\/div>\n\t\t<\/div>\n\t\t\t\t\t<\/div>\n\t\t<\/section>\n\t\t\t\t<section class=\"elementor-section elementor-top-section elementor-element elementor-element-b468cfd elementor-section-boxed elementor-section-height-default elementor-section-height-default\" data-id=\"b468cfd\" data-element_type=\"section\" data-e-type=\"section\">\n\t\t\t\t\t\t<div class=\"elementor-container elementor-column-gap-default\">\n\t\t\t\t\t<div class=\"elementor-column elementor-col-100 elementor-top-column elementor-element elementor-element-8df57e1\" data-id=\"8df57e1\" data-element_type=\"column\" data-e-type=\"column\">\n\t\t\t<div class=\"elementor-widget-wrap elementor-element-populated\">\n\t\t\t\t\t\t<div class=\"elementor-element elementor-element-ddd8a7f elementor-widget elementor-widget-text-editor\" data-id=\"ddd8a7f\" data-element_type=\"widget\" data-e-type=\"widget\" data-widget_type=\"text-editor.default\">\n\t\t\t\t<div class=\"elementor-widget-container\">\n\t\t\t\t\t\t\t\t\t<h4><strong><span style=\"color: #000000;\"><span style=\"color: #33cccc;\">Ha sido una aut\u00e9ntica fortuna encontrar a Yolanda y su centro especializado en terapia visual, ubicado en la zona sur de Madrid<\/span>, lo que nos permiti\u00f3 evitar desplazamientos hacia el bullicioso centro de la ciudad. Su proximidad, combinada con la calidad del servicio, ha supuesto una soluci\u00f3n ideal para las necesidades de nuestra familia.<\/span><\/strong><\/h4><h4><strong><span style=\"color: #000000;\"><span style=\"color: #3366ff;\">Nuestra hija Martina presentaba dificultades significativas en su proceso de aprendizaje, en especial relacionadas con la lectura.<\/span> Cuando intentaba leer, frecuentemente sustitu\u00eda unas s\u00edlabas por otras, lo que generaba confusiones constantes. Adem\u00e1s, <span style=\"color: #3366ff;\">perd\u00eda f\u00e1cilmente la l\u00ednea de lectura<\/span>, saltando entre p\u00e1rrafos sin darse cuenta, lo que le imped\u00eda comprender adecuadamente el contenido del texto. Esta situaci\u00f3n no solo afectaba su rendimiento acad\u00e9mico, sino tambi\u00e9n su confianza en s\u00ed misma.<\/span><\/strong><\/h4><h4><strong><span style=\"color: #000000;\">Desde las primeras sesiones, <span style=\"color: #00ccff;\">Yolanda realiz\u00f3 una evaluaci\u00f3n exhaustiva que le permiti\u00f3 identificar con precisi\u00f3n el origen de las dificultades de Martina<\/span>. Con una combinaci\u00f3n de estrategias personalizadas y un enfoque gradual, trabaj\u00f3 en diferentes \u00e1reas visuales a lo largo de una serie de sesiones cuidadosamente planificadas. <span style=\"color: #33cccc;\">Con dedicaci\u00f3n y constancia, fue guiando a Martina a lo largo del proceso de maduraci\u00f3n visual necesario para su edad<\/span>.<\/span><\/strong><\/h4><h4><strong><span style=\"color: #000000;\"><span style=\"color: #33cccc;\">Tras a\u00f1os de esfuerzo conjunto, el avance ha sido notable. Hoy, Martina ha alcanzado un nivel de desarrollo que le permite estar a la altura de sus compa\u00f1eros de clase, tanto en habilidades de lectura como en comprensi\u00f3n<\/span>. <span style=\"color: #3366ff;\">Gracias al compromiso y profesionalismo de Yolanda, nuestra hija ha superado sus dificultades iniciales, lo que ha marcado una diferencia enorme en su experiencia educativa y personal.<\/span><\/span><\/strong><\/h4>\t\t\t\t\t\t\t\t<\/div>\n\t\t\t\t<\/div>\n\t\t\t\t\t<\/div>\n\t\t<\/div>\n\t\t\t\t\t<\/div>\n\t\t<\/section>\n\t\t\t\t<section class=\"elementor-section elementor-top-section elementor-element elementor-element-dfbb0cb elementor-section-boxed elementor-section-height-default elementor-section-height-default\" data-id=\"dfbb0cb\" data-element_type=\"section\" data-e-type=\"section\">\n\t\t\t\t\t\t<div class=\"elementor-container elementor-column-gap-default\">\n\t\t\t\t\t<div class=\"elementor-column elementor-col-100 elementor-top-column elementor-element elementor-element-0195b30\" data-id=\"0195b30\" data-element_type=\"column\" data-e-type=\"column\">\n\t\t\t<div class=\"elementor-widget-wrap elementor-element-populated\">\n\t\t\t\t\t\t<div class=\"elementor-element elementor-element-111e015 elementor-widget elementor-widget-text-editor\" data-id=\"111e015\" data-element_type=\"widget\" data-e-type=\"widget\" data-widget_type=\"text-editor.default\">\n\t\t\t\t<div class=\"elementor-widget-container\">\n\t\t\t\t\t\t\t\t\t<h3 style=\"text-align: center;\"><strong><span style=\"color: #000080;\">Testimonio de Marko<\/span><\/strong><\/h3>\t\t\t\t\t\t\t\t<\/div>\n\t\t\t\t<\/div>\n\t\t\t\t\t<\/div>\n\t\t<\/div>\n\t\t\t\t\t<\/div>\n\t\t<\/section>\n\t\t\t\t<section class=\"elementor-section elementor-top-section elementor-element elementor-element-4a7b530 elementor-section-boxed elementor-section-height-default elementor-section-height-default\" data-id=\"4a7b530\" data-element_type=\"section\" data-e-type=\"section\">\n\t\t\t\t\t\t<div class=\"elementor-container elementor-column-gap-default\">\n\t\t\t\t\t<div class=\"elementor-column elementor-col-100 elementor-top-column elementor-element elementor-element-739657c\" data-id=\"739657c\" data-element_type=\"column\" data-e-type=\"column\">\n\t\t\t<div class=\"elementor-widget-wrap elementor-element-populated\">\n\t\t\t\t\t\t<div class=\"elementor-element elementor-element-3dfbece elementor-widget elementor-widget-text-editor\" data-id=\"3dfbece\" data-element_type=\"widget\" data-e-type=\"widget\" data-widget_type=\"text-editor.default\">\n\t\t\t\t<div class=\"elementor-widget-container\">\n\t\t\t\t\t\t\t\t\t<h4><strong><span style=\"color: #000000;\"><span style=\"color: #00ccff;\">Quiero agradecer enormemente a Yolanda y todo el equipo de Opticalia el reston. Valdemoro, el fant\u00e1stico trabajo terap\u00e9utico que han realizado con mi hijo<\/span> que <span style=\"color: #3366ff;\">presentaba dificultades\u00a0\u00a0 visuales, funcionales y perceptivas que empezaban a interferir en su rendimiento acad\u00e9mico.<\/span><\/span><\/strong><\/h4><h4><strong><span style=\"color: #000000;\"><span style=\"color: #3366ff;\">En algo m\u00e1s de un a\u00f1o<\/span>, no solamente <span style=\"color: #3366ff;\">se han normalizado<\/span> sino que <span style=\"color: #3366ff;\">adem\u00e1s<\/span> <span style=\"color: #3366ff;\">se han potenciado facilit\u00e1ndole los aprendizajes escolares<\/span>.<\/span><\/strong><\/h4><h4><strong><span style=\"color: #000000;\">Adem\u00e1s saben conectar muy bien con los ni\u00f1os y hacerles el tratamiento m\u00e1s llevadero y de forma m\u00e1s l\u00fadica.<\/span><\/strong><\/h4><h4><span style=\"color: #00ccff;\"><strong>Lo recomiendo un 100%<\/strong><\/span><\/h4>\t\t\t\t\t\t\t\t<\/div>\n\t\t\t\t<\/div>\n\t\t\t\t\t<\/div>\n\t\t<\/div>\n\t\t\t\t\t<\/div>\n\t\t<\/section>\n\t\t\t\t<section class=\"elementor-section elementor-top-section elementor-element elementor-element-df6e155 elementor-section-boxed elementor-section-height-default elementor-section-height-default\" data-id=\"df6e155\" data-element_type=\"section\" data-e-type=\"section\">\n\t\t\t\t\t\t<div class=\"elementor-container elementor-column-gap-default\">\n\t\t\t\t\t<div class=\"elementor-column elementor-col-100 elementor-top-column elementor-element elementor-element-9925221\" data-id=\"9925221\" data-element_type=\"column\" data-e-type=\"column\">\n\t\t\t<div class=\"elementor-widget-wrap elementor-element-populated\">\n\t\t\t\t\t\t<div class=\"elementor-element elementor-element-bc104fc elementor-widget elementor-widget-text-editor\" data-id=\"bc104fc\" data-element_type=\"widget\" data-e-type=\"widget\" data-widget_type=\"text-editor.default\">\n\t\t\t\t<div class=\"elementor-widget-container\">\n\t\t\t\t\t\t\t\t\t<h3 style=\"text-align: center;\"><strong><span style=\"color: #000080;\">Testimonio de Paula\u00a0<\/span><\/strong><\/h3>\t\t\t\t\t\t\t\t<\/div>\n\t\t\t\t<\/div>\n\t\t\t\t\t<\/div>\n\t\t<\/div>\n\t\t\t\t\t<\/div>\n\t\t<\/section>\n\t\t\t\t<section class=\"elementor-section elementor-top-section elementor-element elementor-element-42cf0f1 elementor-section-boxed elementor-section-height-default elementor-section-height-default\" data-id=\"42cf0f1\" data-element_type=\"section\" data-e-type=\"section\">\n\t\t\t\t\t\t<div class=\"elementor-container elementor-column-gap-default\">\n\t\t\t\t\t<div class=\"elementor-column elementor-col-100 elementor-top-column elementor-element elementor-element-5382dec\" data-id=\"5382dec\" data-element_type=\"column\" data-e-type=\"column\">\n\t\t\t<div class=\"elementor-widget-wrap elementor-element-populated\">\n\t\t\t\t\t\t<div class=\"elementor-element elementor-element-fe101ee elementor-widget elementor-widget-text-editor\" data-id=\"fe101ee\" data-element_type=\"widget\" data-e-type=\"widget\" data-widget_type=\"text-editor.default\">\n\t\t\t\t<div class=\"elementor-widget-container\">\n\t\t\t\t\t\t\t\t\t<h4 style=\"text-align: left;\"><strong><span style=\"color: #000000;\">Hace casi dos a\u00f1os conocimos a Yolanda y a su equipo, <span style=\"color: #3366ff;\">ven\u00edamos de unos a\u00f1os atr\u00e1s trabajando con Paula\u00a0 su canal de salida a trav\u00e9s de un logopeda<\/span>, para mejorar su memoria de trabajo, <span style=\"color: #3366ff;\">pero por mucho esfuerzo por parte de Paula, nos hab\u00edamos estancado, y casi convencidos de que hay veces que no se puede hacer m\u00e1s<\/span>, pero casualidades de la vida, <span style=\"color: #00ccff;\">una amiga m\u00eda residente de Valdemoro me habl\u00f3 de la terapia de auditiva y visual que llevaba a cabo Yolanda en su centro, y no lo dude<\/span>, enseguida me puse en contacto con ellos para una valoraci\u00f3n de mi hija.<\/span><\/strong><\/h4><h4 style=\"text-align: left;\"><strong><span style=\"color: #000000;\"><span style=\"color: #00ccff;\">Tras varias pruebas, nos facilitaron informaci\u00f3n que hasta ahora hab\u00eda pasado desapercibida para nosotros<\/span>, el canal de entrada, tan importante como el de salida, <span style=\"color: #00ccff;\">tras dos a\u00f1os de terapia\u00a0con ellos,\u00a0Paula\u00a0ha conseguido ser m\u00e1s autosuficiente\u00a0en su aprendizaje<\/span>. Lo que ofrecen en su terapia no es magia, es ciencia, acompa\u00f1ada de unos\u00a0profesionales que saben muy bien lo que hacen.<\/span><\/strong><\/h4><h4 style=\"text-align: left;\"><span style=\"color: #3366ff;\"><strong>Por mi parte me sentir\u00e9 siempre afortunada de haberlos\u00a0encontrado, y hayan podido ayudar tanto a\u00a0Paula, allanando un camino que iba cuesta arriba, lleno de piedras<\/strong><\/span><\/h4><h4 style=\"text-align: left;\"><span style=\"color: #00ccff;\"><strong>GRACIAS\u00a0<\/strong><\/span><\/h4>\t\t\t\t\t\t\t\t<\/div>\n\t\t\t\t<\/div>\n\t\t\t\t\t<\/div>\n\t\t<\/div>\n\t\t\t\t\t<\/div>\n\t\t<\/section>\n\t\t\t\t<\/div>\n\t\t","protected":false},"excerpt":{"rendered":"<p>Testimonio de Mario Arman\u00a0 Hace poco m\u00e1s de 4 a\u00f1os, diagnosticaron a mi hijo una ambliop\u00eda en el ojo derecho con una agudeza visual de un 5%. No nos daban mucha esperanza de mejora. Por recomendaci\u00f3n acudimos a Yolanda, y gracias a ella y su terapia, hoy en d\u00eda tiene una agudeza de m\u00e1s del&hellip; <br \/> <a class=\"read-more\" href=\"https:\/\/www.terapiavisualyauditiva.com\/?page_id=65\">Leer m\u00e1s<\/a><\/p>\n","protected":false},"author":1,"featured_media":0,"parent":0,"menu_order":0,"comment_status":"closed","ping_status":"closed","template":"","meta":{"footnotes":""},"class_list":["post-65","page","type-page","status-publish","hentry"],"yoast_head":"<!-- This site is optimized with the Yoast SEO plugin v27.4 - https:\/\/yoast.com\/product\/yoast-seo-wordpress\/ -->\n<title>Testimonios - Terapia Visual y Auditiva El Rest\u00f3n (Valdemoro)<\/title>\n<meta name=\"robots\" content=\"index, follow, max-snippet:-1, max-image-preview:large, max-video-preview:-1\" \/>\n<link rel=\"canonical\" href=\"https:\/\/www.terapiavisualyauditiva.com\/?page_id=65\" \/>\n<meta property=\"og:locale\" content=\"es_ES\" \/>\n<meta property=\"og:type\" content=\"article\" \/>\n<meta property=\"og:title\" content=\"Testimonios - Terapia Visual y Auditiva El Rest\u00f3n (Valdemoro)\" \/>\n<meta property=\"og:description\" content=\"Testimonio de Mario Arman\u00a0 Hace poco m\u00e1s de 4 a\u00f1os, diagnosticaron a mi hijo una ambliop\u00eda en el ojo derecho con una agudeza visual de un 5%. No nos daban mucha esperanza de mejora. Por recomendaci\u00f3n acudimos a Yolanda, y gracias a ella y su terapia, hoy en d\u00eda tiene una agudeza de m\u00e1s del&hellip; Leer m\u00e1s\" \/>\n<meta property=\"og:url\" content=\"https:\/\/www.terapiavisualyauditiva.com\/?page_id=65\" \/>\n<meta property=\"og:site_name\" content=\"Terapia Visual y Auditiva El Rest\u00f3n (Valdemoro)\" \/>\n<meta property=\"article:modified_time\" content=\"2025-01-17T11:25:49+00:00\" \/>\n<meta name=\"twitter:card\" content=\"summary_large_image\" \/>\n<meta name=\"twitter:label1\" content=\"Tiempo de lectura\" \/>\n\t<meta name=\"twitter:data1\" content=\"5 minutos\" \/>\n<script type=\"application\/ld+json\" class=\"yoast-schema-graph\">{\"@context\":\"https:\\\/\\\/schema.org\",\"@graph\":[{\"@type\":\"WebPage\",\"@id\":\"https:\\\/\\\/www.terapiavisualyauditiva.com\\\/?page_id=65\",\"url\":\"https:\\\/\\\/www.terapiavisualyauditiva.com\\\/?page_id=65\",\"name\":\"Testimonios - Terapia Visual y Auditiva El Rest\u00f3n (Valdemoro)\",\"isPartOf\":{\"@id\":\"https:\\\/\\\/www.terapiavisualyauditiva.com\\\/#website\"},\"datePublished\":\"2021-04-28T10:07:27+00:00\",\"dateModified\":\"2025-01-17T11:25:49+00:00\",\"breadcrumb\":{\"@id\":\"https:\\\/\\\/www.terapiavisualyauditiva.com\\\/?page_id=65#breadcrumb\"},\"inLanguage\":\"es\",\"potentialAction\":[{\"@type\":\"ReadAction\",\"target\":[\"https:\\\/\\\/www.terapiavisualyauditiva.com\\\/?page_id=65\"]}]},{\"@type\":\"BreadcrumbList\",\"@id\":\"https:\\\/\\\/www.terapiavisualyauditiva.com\\\/?page_id=65#breadcrumb\",\"itemListElement\":[{\"@type\":\"ListItem\",\"position\":1,\"name\":\"Portada\",\"item\":\"https:\\\/\\\/www.terapiavisualyauditiva.com\\\/\"},{\"@type\":\"ListItem\",\"position\":2,\"name\":\"Testimonios\"}]},{\"@type\":\"WebSite\",\"@id\":\"https:\\\/\\\/www.terapiavisualyauditiva.com\\\/#website\",\"url\":\"https:\\\/\\\/www.terapiavisualyauditiva.com\\\/\",\"name\":\"Terapia Visual y Auditiva El Rest\u00f3n (Valdemoro)\",\"description\":\"\",\"publisher\":{\"@id\":\"https:\\\/\\\/www.terapiavisualyauditiva.com\\\/#organization\"},\"potentialAction\":[{\"@type\":\"SearchAction\",\"target\":{\"@type\":\"EntryPoint\",\"urlTemplate\":\"https:\\\/\\\/www.terapiavisualyauditiva.com\\\/?s={search_term_string}\"},\"query-input\":{\"@type\":\"PropertyValueSpecification\",\"valueRequired\":true,\"valueName\":\"search_term_string\"}}],\"inLanguage\":\"es\"},{\"@type\":\"Organization\",\"@id\":\"https:\\\/\\\/www.terapiavisualyauditiva.com\\\/#organization\",\"name\":\"Terapia Visual y Auditiva El Rest\u00f3n (Valdemoro)\",\"url\":\"https:\\\/\\\/www.terapiavisualyauditiva.com\\\/\",\"logo\":{\"@type\":\"ImageObject\",\"inLanguage\":\"es\",\"@id\":\"https:\\\/\\\/www.terapiavisualyauditiva.com\\\/#\\\/schema\\\/logo\\\/image\\\/\",\"url\":\"http:\\\/\\\/www.terapiavisualyauditiva.com\\\/wp-content\\\/uploads\\\/2021\\\/04\\\/kisspng-the-mind-games-men-play-with-women-jigsaw-puzzle-brain-5a6ec4f1c0d563.2137539415172088177899.png\",\"contentUrl\":\"http:\\\/\\\/www.terapiavisualyauditiva.com\\\/wp-content\\\/uploads\\\/2021\\\/04\\\/kisspng-the-mind-games-men-play-with-women-jigsaw-puzzle-brain-5a6ec4f1c0d563.2137539415172088177899.png\",\"width\":260,\"height\":280,\"caption\":\"Terapia Visual y Auditiva El Rest\u00f3n (Valdemoro)\"},\"image\":{\"@id\":\"https:\\\/\\\/www.terapiavisualyauditiva.com\\\/#\\\/schema\\\/logo\\\/image\\\/\"}}]}<\/script>\n<!-- \/ Yoast SEO plugin. -->","yoast_head_json":{"title":"Testimonios - Terapia Visual y Auditiva El Rest\u00f3n (Valdemoro)","robots":{"index":"index","follow":"follow","max-snippet":"max-snippet:-1","max-image-preview":"max-image-preview:large","max-video-preview":"max-video-preview:-1"},"canonical":"https:\/\/www.terapiavisualyauditiva.com\/?page_id=65","og_locale":"es_ES","og_type":"article","og_title":"Testimonios - Terapia Visual y Auditiva El Rest\u00f3n (Valdemoro)","og_description":"Testimonio de Mario Arman\u00a0 Hace poco m\u00e1s de 4 a\u00f1os, diagnosticaron a mi hijo una ambliop\u00eda en el ojo derecho con una agudeza visual de un 5%. No nos daban mucha esperanza de mejora. Por recomendaci\u00f3n acudimos a Yolanda, y gracias a ella y su terapia, hoy en d\u00eda tiene una agudeza de m\u00e1s del&hellip; Leer m\u00e1s","og_url":"https:\/\/www.terapiavisualyauditiva.com\/?page_id=65","og_site_name":"Terapia Visual y Auditiva El Rest\u00f3n (Valdemoro)","article_modified_time":"2025-01-17T11:25:49+00:00","twitter_card":"summary_large_image","twitter_misc":{"Tiempo de lectura":"5 minutos"},"schema":{"@context":"https:\/\/schema.org","@graph":[{"@type":"WebPage","@id":"https:\/\/www.terapiavisualyauditiva.com\/?page_id=65","url":"https:\/\/www.terapiavisualyauditiva.com\/?page_id=65","name":"Testimonios - Terapia Visual y Auditiva El Rest\u00f3n (Valdemoro)","isPartOf":{"@id":"https:\/\/www.terapiavisualyauditiva.com\/#website"},"datePublished":"2021-04-28T10:07:27+00:00","dateModified":"2025-01-17T11:25:49+00:00","breadcrumb":{"@id":"https:\/\/www.terapiavisualyauditiva.com\/?page_id=65#breadcrumb"},"inLanguage":"es","potentialAction":[{"@type":"ReadAction","target":["https:\/\/www.terapiavisualyauditiva.com\/?page_id=65"]}]},{"@type":"BreadcrumbList","@id":"https:\/\/www.terapiavisualyauditiva.com\/?page_id=65#breadcrumb","itemListElement":[{"@type":"ListItem","position":1,"name":"Portada","item":"https:\/\/www.terapiavisualyauditiva.com\/"},{"@type":"ListItem","position":2,"name":"Testimonios"}]},{"@type":"WebSite","@id":"https:\/\/www.terapiavisualyauditiva.com\/#website","url":"https:\/\/www.terapiavisualyauditiva.com\/","name":"Terapia Visual y Auditiva El Rest\u00f3n (Valdemoro)","description":"","publisher":{"@id":"https:\/\/www.terapiavisualyauditiva.com\/#organization"},"potentialAction":[{"@type":"SearchAction","target":{"@type":"EntryPoint","urlTemplate":"https:\/\/www.terapiavisualyauditiva.com\/?s={search_term_string}"},"query-input":{"@type":"PropertyValueSpecification","valueRequired":true,"valueName":"search_term_string"}}],"inLanguage":"es"},{"@type":"Organization","@id":"https:\/\/www.terapiavisualyauditiva.com\/#organization","name":"Terapia Visual y Auditiva El Rest\u00f3n (Valdemoro)","url":"https:\/\/www.terapiavisualyauditiva.com\/","logo":{"@type":"ImageObject","inLanguage":"es","@id":"https:\/\/www.terapiavisualyauditiva.com\/#\/schema\/logo\/image\/","url":"http:\/\/www.terapiavisualyauditiva.com\/wp-content\/uploads\/2021\/04\/kisspng-the-mind-games-men-play-with-women-jigsaw-puzzle-brain-5a6ec4f1c0d563.2137539415172088177899.png","contentUrl":"http:\/\/www.terapiavisualyauditiva.com\/wp-content\/uploads\/2021\/04\/kisspng-the-mind-games-men-play-with-women-jigsaw-puzzle-brain-5a6ec4f1c0d563.2137539415172088177899.png","width":260,"height":280,"caption":"Terapia Visual y Auditiva El Rest\u00f3n (Valdemoro)"},"image":{"@id":"https:\/\/www.terapiavisualyauditiva.com\/#\/schema\/logo\/image\/"}}]}},"_links":{"self":[{"href":"https:\/\/www.terapiavisualyauditiva.com\/index.php?rest_route=\/wp\/v2\/pages\/65","targetHints":{"allow":["GET"]}}],"collection":[{"href":"https:\/\/www.terapiavisualyauditiva.com\/index.php?rest_route=\/wp\/v2\/pages"}],"about":[{"href":"https:\/\/www.terapiavisualyauditiva.com\/index.php?rest_route=\/wp\/v2\/types\/page"}],"author":[{"embeddable":true,"href":"https:\/\/www.terapiavisualyauditiva.com\/index.php?rest_route=\/wp\/v2\/users\/1"}],"replies":[{"embeddable":true,"href":"https:\/\/www.terapiavisualyauditiva.com\/index.php?rest_route=%2Fwp%2Fv2%2Fcomments&post=65"}],"version-history":[{"count":116,"href":"https:\/\/www.terapiavisualyauditiva.com\/index.php?rest_route=\/wp\/v2\/pages\/65\/revisions"}],"predecessor-version":[{"id":858,"href":"https:\/\/www.terapiavisualyauditiva.com\/index.php?rest_route=\/wp\/v2\/pages\/65\/revisions\/858"}],"wp:attachment":[{"href":"https:\/\/www.terapiavisualyauditiva.com\/index.php?rest_route=%2Fwp%2Fv2%2Fmedia&parent=65"}],"curies":[{"name":"wp","href":"https:\/\/api.w.org\/{rel}","templated":true}]}}