{"id":54,"date":"2021-04-28T10:01:57","date_gmt":"2021-04-28T10:01:57","guid":{"rendered":"http:\/\/www.terapiavisualyauditiva.com\/?page_id=54"},"modified":"2021-06-29T07:36:02","modified_gmt":"2021-06-29T07:36:02","slug":"contacto","status":"publish","type":"page","link":"https:\/\/www.terapiavisualyauditiva.com\/?page_id=54","title":{"rendered":"Contacto"},"content":{"rendered":"\t\t<div data-elementor-type=\"wp-page\" data-elementor-id=\"54\" class=\"elementor elementor-54\">\n\t\t\t\t\t\t<section class=\"elementor-section elementor-top-section elementor-element elementor-element-951ce87 elementor-section-stretched elementor-section-boxed elementor-section-height-default elementor-section-height-default\" data-id=\"951ce87\" data-element_type=\"section\" data-e-type=\"section\" data-settings=\"{&quot;stretch_section&quot;:&quot;section-stretched&quot;}\">\n\t\t\t\t\t\t<div class=\"elementor-container elementor-column-gap-default\">\n\t\t\t\t\t<div class=\"elementor-column elementor-col-100 elementor-top-column elementor-element elementor-element-cc5ca3b\" data-id=\"cc5ca3b\" data-element_type=\"column\" data-e-type=\"column\">\n\t\t\t<div class=\"elementor-widget-wrap elementor-element-populated\">\n\t\t\t\t\t\t<div class=\"elementor-element elementor-element-836b983 elementor-widget elementor-widget-google_maps\" data-id=\"836b983\" data-element_type=\"widget\" data-e-type=\"widget\" data-widget_type=\"google_maps.default\">\n\t\t\t\t<div class=\"elementor-widget-container\">\n\t\t\t\t\t\t\t<div class=\"elementor-custom-embed\">\n\t\t\t<iframe loading=\"lazy\"\n\t\t\t\t\tsrc=\"https:\/\/maps.google.com\/maps?q=Avenida%20mar%20mediterr%C3%A1neo%20centro%20comercial%20el%20rest%C3%B3n%20&#038;t=m&#038;z=14&#038;output=embed&#038;iwloc=near\"\n\t\t\t\t\ttitle=\"Avenida mar mediterr\u00e1neo centro comercial el rest\u00f3n \"\n\t\t\t\t\taria-label=\"Avenida mar mediterr\u00e1neo centro comercial el rest\u00f3n \"\n\t\t\t><\/iframe>\n\t\t<\/div>\n\t\t\t\t\t\t<\/div>\n\t\t\t\t<\/div>\n\t\t\t\t\t<\/div>\n\t\t<\/div>\n\t\t\t\t\t<\/div>\n\t\t<\/section>\n\t\t\t\t<section class=\"elementor-section elementor-top-section elementor-element elementor-element-c46d637 elementor-section-boxed elementor-section-height-default elementor-section-height-default\" data-id=\"c46d637\" data-element_type=\"section\" data-e-type=\"section\">\n\t\t\t\t\t\t<div class=\"elementor-container elementor-column-gap-default\">\n\t\t\t\t\t\t<\/div>\n\t\t<\/section>\n\t\t\t\t<section class=\"elementor-section elementor-top-section elementor-element elementor-element-8befd13 elementor-section-stretched elementor-section-boxed elementor-section-height-default elementor-section-height-default\" data-id=\"8befd13\" data-element_type=\"section\" data-e-type=\"section\" data-settings=\"{&quot;stretch_section&quot;:&quot;section-stretched&quot;}\">\n\t\t\t\t\t\t<div class=\"elementor-container elementor-column-gap-default\">\n\t\t\t\t\t<div class=\"elementor-column elementor-col-100 elementor-top-column elementor-element elementor-element-8bd6269\" data-id=\"8bd6269\" data-element_type=\"column\" data-e-type=\"column\">\n\t\t\t<div class=\"elementor-widget-wrap elementor-element-populated\">\n\t\t\t\t\t\t<div class=\"elementor-element elementor-element-9d13273 eael-contact-form-7-button-align-center eael-contact-form-7-button-custom elementor-widget elementor-widget-eael-contact-form-7\" data-id=\"9d13273\" data-element_type=\"widget\" data-e-type=\"widget\" data-widget_type=\"eael-contact-form-7.default\">\n\t\t\t\t<div class=\"elementor-widget-container\">\n\t\t\t\t\t<div class=\"eael-contact-form-7-wrapper\">\n                <div class=\"eael-contact-form eael-contact-form-7 eael-contact-form-9d13273 placeholder-show eael-custom-radio-checkbox eael-contact-form-align-center\">\n<div class=\"wpcf7 no-js\" id=\"wpcf7-f464-o1\" lang=\"es-ES\" dir=\"ltr\" data-wpcf7-id=\"464\">\n<div class=\"screen-reader-response\"><p role=\"status\" aria-live=\"polite\" aria-atomic=\"true\"><\/p> <ul><\/ul><\/div>\n<form action=\"\/index.php?rest_route=%2Fwp%2Fv2%2Fpages%2F54#wpcf7-f464-o1\" method=\"post\" class=\"wpcf7-form init\" aria-label=\"Formulario de contacto\" novalidate=\"novalidate\" data-status=\"init\">\n<fieldset class=\"hidden-fields-container\"><input type=\"hidden\" name=\"_wpcf7\" value=\"464\" \/><input type=\"hidden\" name=\"_wpcf7_version\" value=\"6.1.5\" \/><input type=\"hidden\" name=\"_wpcf7_locale\" value=\"es_ES\" \/><input type=\"hidden\" name=\"_wpcf7_unit_tag\" value=\"wpcf7-f464-o1\" \/><input type=\"hidden\" name=\"_wpcf7_container_post\" value=\"0\" \/><input type=\"hidden\" name=\"_wpcf7_posted_data_hash\" value=\"\" \/>\n<\/fieldset>\n<p><label> Nombre<br \/>\n<span class=\"wpcf7-form-control-wrap\" data-name=\"your-name\"><input size=\"40\" maxlength=\"400\" class=\"wpcf7-form-control wpcf7-text wpcf7-validates-as-required\" aria-required=\"true\" aria-invalid=\"false\" value=\"\" type=\"text\" name=\"your-name\" \/><\/span> <\/label>\n<\/p>\n<p><label> Correo electr\u00f3nico<br \/>\n<span class=\"wpcf7-form-control-wrap\" data-name=\"your-email\"><input size=\"40\" maxlength=\"400\" class=\"wpcf7-form-control wpcf7-email wpcf7-validates-as-required wpcf7-text wpcf7-validates-as-email\" aria-required=\"true\" aria-invalid=\"false\" value=\"\" type=\"email\" name=\"your-email\" \/><\/span> <\/label>\n<\/p>\n<p><label> Tel\u00e9fono<br \/>\n<span class=\"wpcf7-form-control-wrap\" data-name=\"telefono\"><input size=\"40\" maxlength=\"400\" class=\"wpcf7-form-control wpcf7-tel wpcf7-text wpcf7-validates-as-tel\" aria-invalid=\"false\" value=\"\" type=\"tel\" name=\"telefono\" \/><\/span> <\/label>\n<\/p>\n<p><label> Mensaje (opcional)<br \/>\n<span class=\"wpcf7-form-control-wrap\" data-name=\"your-message\"><textarea cols=\"40\" rows=\"10\" maxlength=\"2000\" class=\"wpcf7-form-control wpcf7-textarea\" aria-invalid=\"false\" name=\"your-message\"><\/textarea><\/span> <\/label>\n<\/p>\n<p><label><span class=\"wpcf7-form-control-wrap\" data-name=\"Privacidad\"><span class=\"wpcf7-form-control wpcf7-acceptance\"><span class=\"wpcf7-list-item\"><label><input type=\"checkbox\" name=\"Privacidad\" value=\"1\" aria-invalid=\"false\" \/><span class=\"wpcf7-list-item-label\">He le\u00eddo y acepto la <a href=\"#\">pol\u00edtica de privacidad<\/a><\/span><\/label><\/span><\/span><\/span> <\/label>\n<\/p>\n<p><input class=\"wpcf7-form-control wpcf7-submit has-spinner\" type=\"submit\" value=\"Enviar\" \/>\n<\/p><div class=\"wpcf7-response-output\" aria-hidden=\"true\"><\/div>\n<\/form>\n<\/div>\n<\/div>\n            <\/div>\t\t\t\t<\/div>\n\t\t\t\t<\/div>\n\t\t\t\t\t<\/div>\n\t\t<\/div>\n\t\t\t\t\t<\/div>\n\t\t<\/section>\n\t\t\t\t<\/div>\n\t\t","protected":false},"excerpt":{"rendered":"<p>Nombre Correo electr\u00f3nico Tel\u00e9fono Mensaje (opcional) He le\u00eddo y acepto la pol\u00edtica de privacidad<\/p>\n","protected":false},"author":1,"featured_media":0,"parent":0,"menu_order":0,"comment_status":"closed","ping_status":"closed","template":"","meta":{"footnotes":""},"class_list":["post-54","page","type-page","status-publish","hentry"],"yoast_head":"<!-- This site is optimized with the Yoast SEO plugin v27.4 - https:\/\/yoast.com\/product\/yoast-seo-wordpress\/ -->\n<title>Contacto - Terapia Visual y Auditiva El Rest\u00f3n (Valdemoro)<\/title>\n<meta name=\"robots\" content=\"index, follow, max-snippet:-1, max-image-preview:large, max-video-preview:-1\" \/>\n<link rel=\"canonical\" href=\"https:\/\/www.terapiavisualyauditiva.com\/?page_id=54\" \/>\n<meta property=\"og:locale\" content=\"es_ES\" \/>\n<meta property=\"og:type\" content=\"article\" \/>\n<meta property=\"og:title\" content=\"Contacto - Terapia Visual y Auditiva El Rest\u00f3n (Valdemoro)\" \/>\n<meta property=\"og:description\" content=\"Nombre Correo electr\u00f3nico Tel\u00e9fono Mensaje (opcional) He le\u00eddo y acepto la pol\u00edtica de privacidad\" \/>\n<meta property=\"og:url\" content=\"https:\/\/www.terapiavisualyauditiva.com\/?page_id=54\" \/>\n<meta property=\"og:site_name\" content=\"Terapia Visual y Auditiva El Rest\u00f3n (Valdemoro)\" \/>\n<meta property=\"article:modified_time\" content=\"2021-06-29T07:36:02+00:00\" \/>\n<meta name=\"twitter:card\" content=\"summary_large_image\" \/>\n<meta name=\"twitter:label1\" content=\"Tiempo de lectura\" \/>\n\t<meta name=\"twitter:data1\" content=\"1 minuto\" \/>\n<script type=\"application\/ld+json\" class=\"yoast-schema-graph\">{\"@context\":\"https:\\\/\\\/schema.org\",\"@graph\":[{\"@type\":\"WebPage\",\"@id\":\"https:\\\/\\\/www.terapiavisualyauditiva.com\\\/?page_id=54\",\"url\":\"https:\\\/\\\/www.terapiavisualyauditiva.com\\\/?page_id=54\",\"name\":\"Contacto - Terapia Visual y Auditiva El Rest\u00f3n (Valdemoro)\",\"isPartOf\":{\"@id\":\"https:\\\/\\\/www.terapiavisualyauditiva.com\\\/#website\"},\"datePublished\":\"2021-04-28T10:01:57+00:00\",\"dateModified\":\"2021-06-29T07:36:02+00:00\",\"breadcrumb\":{\"@id\":\"https:\\\/\\\/www.terapiavisualyauditiva.com\\\/?page_id=54#breadcrumb\"},\"inLanguage\":\"es\",\"potentialAction\":[{\"@type\":\"ReadAction\",\"target\":[\"https:\\\/\\\/www.terapiavisualyauditiva.com\\\/?page_id=54\"]}]},{\"@type\":\"BreadcrumbList\",\"@id\":\"https:\\\/\\\/www.terapiavisualyauditiva.com\\\/?page_id=54#breadcrumb\",\"itemListElement\":[{\"@type\":\"ListItem\",\"position\":1,\"name\":\"Portada\",\"item\":\"https:\\\/\\\/www.terapiavisualyauditiva.com\\\/\"},{\"@type\":\"ListItem\",\"position\":2,\"name\":\"Contacto\"}]},{\"@type\":\"WebSite\",\"@id\":\"https:\\\/\\\/www.terapiavisualyauditiva.com\\\/#website\",\"url\":\"https:\\\/\\\/www.terapiavisualyauditiva.com\\\/\",\"name\":\"Terapia Visual y Auditiva El Rest\u00f3n (Valdemoro)\",\"description\":\"\",\"publisher\":{\"@id\":\"https:\\\/\\\/www.terapiavisualyauditiva.com\\\/#organization\"},\"potentialAction\":[{\"@type\":\"SearchAction\",\"target\":{\"@type\":\"EntryPoint\",\"urlTemplate\":\"https:\\\/\\\/www.terapiavisualyauditiva.com\\\/?s={search_term_string}\"},\"query-input\":{\"@type\":\"PropertyValueSpecification\",\"valueRequired\":true,\"valueName\":\"search_term_string\"}}],\"inLanguage\":\"es\"},{\"@type\":\"Organization\",\"@id\":\"https:\\\/\\\/www.terapiavisualyauditiva.com\\\/#organization\",\"name\":\"Terapia Visual y Auditiva El Rest\u00f3n (Valdemoro)\",\"url\":\"https:\\\/\\\/www.terapiavisualyauditiva.com\\\/\",\"logo\":{\"@type\":\"ImageObject\",\"inLanguage\":\"es\",\"@id\":\"https:\\\/\\\/www.terapiavisualyauditiva.com\\\/#\\\/schema\\\/logo\\\/image\\\/\",\"url\":\"http:\\\/\\\/www.terapiavisualyauditiva.com\\\/wp-content\\\/uploads\\\/2021\\\/04\\\/kisspng-the-mind-games-men-play-with-women-jigsaw-puzzle-brain-5a6ec4f1c0d563.2137539415172088177899.png\",\"contentUrl\":\"http:\\\/\\\/www.terapiavisualyauditiva.com\\\/wp-content\\\/uploads\\\/2021\\\/04\\\/kisspng-the-mind-games-men-play-with-women-jigsaw-puzzle-brain-5a6ec4f1c0d563.2137539415172088177899.png\",\"width\":260,\"height\":280,\"caption\":\"Terapia Visual y Auditiva El Rest\u00f3n (Valdemoro)\"},\"image\":{\"@id\":\"https:\\\/\\\/www.terapiavisualyauditiva.com\\\/#\\\/schema\\\/logo\\\/image\\\/\"}}]}<\/script>\n<!-- \/ Yoast SEO plugin. -->","yoast_head_json":{"title":"Contacto - Terapia Visual y Auditiva El Rest\u00f3n (Valdemoro)","robots":{"index":"index","follow":"follow","max-snippet":"max-snippet:-1","max-image-preview":"max-image-preview:large","max-video-preview":"max-video-preview:-1"},"canonical":"https:\/\/www.terapiavisualyauditiva.com\/?page_id=54","og_locale":"es_ES","og_type":"article","og_title":"Contacto - Terapia Visual y Auditiva El Rest\u00f3n (Valdemoro)","og_description":"Nombre Correo electr\u00f3nico Tel\u00e9fono Mensaje (opcional) He le\u00eddo y acepto la pol\u00edtica de privacidad","og_url":"https:\/\/www.terapiavisualyauditiva.com\/?page_id=54","og_site_name":"Terapia Visual y Auditiva El Rest\u00f3n (Valdemoro)","article_modified_time":"2021-06-29T07:36:02+00:00","twitter_card":"summary_large_image","twitter_misc":{"Tiempo de lectura":"1 minuto"},"schema":{"@context":"https:\/\/schema.org","@graph":[{"@type":"WebPage","@id":"https:\/\/www.terapiavisualyauditiva.com\/?page_id=54","url":"https:\/\/www.terapiavisualyauditiva.com\/?page_id=54","name":"Contacto - Terapia Visual y Auditiva El Rest\u00f3n (Valdemoro)","isPartOf":{"@id":"https:\/\/www.terapiavisualyauditiva.com\/#website"},"datePublished":"2021-04-28T10:01:57+00:00","dateModified":"2021-06-29T07:36:02+00:00","breadcrumb":{"@id":"https:\/\/www.terapiavisualyauditiva.com\/?page_id=54#breadcrumb"},"inLanguage":"es","potentialAction":[{"@type":"ReadAction","target":["https:\/\/www.terapiavisualyauditiva.com\/?page_id=54"]}]},{"@type":"BreadcrumbList","@id":"https:\/\/www.terapiavisualyauditiva.com\/?page_id=54#breadcrumb","itemListElement":[{"@type":"ListItem","position":1,"name":"Portada","item":"https:\/\/www.terapiavisualyauditiva.com\/"},{"@type":"ListItem","position":2,"name":"Contacto"}]},{"@type":"WebSite","@id":"https:\/\/www.terapiavisualyauditiva.com\/#website","url":"https:\/\/www.terapiavisualyauditiva.com\/","name":"Terapia Visual y Auditiva El Rest\u00f3n (Valdemoro)","description":"","publisher":{"@id":"https:\/\/www.terapiavisualyauditiva.com\/#organization"},"potentialAction":[{"@type":"SearchAction","target":{"@type":"EntryPoint","urlTemplate":"https:\/\/www.terapiavisualyauditiva.com\/?s={search_term_string}"},"query-input":{"@type":"PropertyValueSpecification","valueRequired":true,"valueName":"search_term_string"}}],"inLanguage":"es"},{"@type":"Organization","@id":"https:\/\/www.terapiavisualyauditiva.com\/#organization","name":"Terapia Visual y Auditiva El Rest\u00f3n (Valdemoro)","url":"https:\/\/www.terapiavisualyauditiva.com\/","logo":{"@type":"ImageObject","inLanguage":"es","@id":"https:\/\/www.terapiavisualyauditiva.com\/#\/schema\/logo\/image\/","url":"http:\/\/www.terapiavisualyauditiva.com\/wp-content\/uploads\/2021\/04\/kisspng-the-mind-games-men-play-with-women-jigsaw-puzzle-brain-5a6ec4f1c0d563.2137539415172088177899.png","contentUrl":"http:\/\/www.terapiavisualyauditiva.com\/wp-content\/uploads\/2021\/04\/kisspng-the-mind-games-men-play-with-women-jigsaw-puzzle-brain-5a6ec4f1c0d563.2137539415172088177899.png","width":260,"height":280,"caption":"Terapia Visual y Auditiva El Rest\u00f3n (Valdemoro)"},"image":{"@id":"https:\/\/www.terapiavisualyauditiva.com\/#\/schema\/logo\/image\/"}}]}},"_links":{"self":[{"href":"https:\/\/www.terapiavisualyauditiva.com\/index.php?rest_route=\/wp\/v2\/pages\/54","targetHints":{"allow":["GET"]}}],"collection":[{"href":"https:\/\/www.terapiavisualyauditiva.com\/index.php?rest_route=\/wp\/v2\/pages"}],"about":[{"href":"https:\/\/www.terapiavisualyauditiva.com\/index.php?rest_route=\/wp\/v2\/types\/page"}],"author":[{"embeddable":true,"href":"https:\/\/www.terapiavisualyauditiva.com\/index.php?rest_route=\/wp\/v2\/users\/1"}],"replies":[{"embeddable":true,"href":"https:\/\/www.terapiavisualyauditiva.com\/index.php?rest_route=%2Fwp%2Fv2%2Fcomments&post=54"}],"version-history":[{"count":43,"href":"https:\/\/www.terapiavisualyauditiva.com\/index.php?rest_route=\/wp\/v2\/pages\/54\/revisions"}],"predecessor-version":[{"id":767,"href":"https:\/\/www.terapiavisualyauditiva.com\/index.php?rest_route=\/wp\/v2\/pages\/54\/revisions\/767"}],"wp:attachment":[{"href":"https:\/\/www.terapiavisualyauditiva.com\/index.php?rest_route=%2Fwp%2Fv2%2Fmedia&parent=54"}],"curies":[{"name":"wp","href":"https:\/\/api.w.org\/{rel}","templated":true}]}}