{"id":219,"date":"2021-05-12T07:52:38","date_gmt":"2021-05-12T07:52:38","guid":{"rendered":"http:\/\/www.terapiavisualyauditiva.com\/?page_id=219"},"modified":"2021-06-02T10:58:48","modified_gmt":"2021-06-02T10:58:48","slug":"evaluacion-de-la-funcion-visual","status":"publish","type":"page","link":"https:\/\/www.terapiavisualyauditiva.com\/?page_id=219","title":{"rendered":"Evaluaci\u00f3n de la funci\u00f3n visual"},"content":{"rendered":"\t\t<div data-elementor-type=\"wp-page\" data-elementor-id=\"219\" class=\"elementor elementor-219\">\n\t\t\t\t\t\t<section class=\"elementor-section elementor-top-section elementor-element elementor-element-f326702 elementor-section-boxed elementor-section-height-default elementor-section-height-default\" data-id=\"f326702\" data-element_type=\"section\" data-e-type=\"section\" data-settings=\"{&quot;background_background&quot;:&quot;classic&quot;}\">\n\t\t\t\t\t\t\t<div class=\"elementor-background-overlay\"><\/div>\n\t\t\t\t\t\t\t<div class=\"elementor-container elementor-column-gap-default\">\n\t\t\t\t\t<div class=\"elementor-column elementor-col-100 elementor-top-column elementor-element elementor-element-0942899\" data-id=\"0942899\" data-element_type=\"column\" data-e-type=\"column\">\n\t\t\t<div class=\"elementor-widget-wrap elementor-element-populated\">\n\t\t\t\t\t\t<div class=\"elementor-element elementor-element-b575629 elementor-invisible elementor-widget elementor-widget-text-editor\" data-id=\"b575629\" data-element_type=\"widget\" data-e-type=\"widget\" data-settings=\"{&quot;_animation&quot;:&quot;rollIn&quot;}\" data-widget_type=\"text-editor.default\">\n\t\t\t\t<div class=\"elementor-widget-container\">\n\t\t\t\t\t\t\t\t\t<blockquote><h2 style=\"text-align: center;\"><span style=\"color: #000080;\">La visi\u00f3n es la capacidad global del cerebro para extraer, procesar y actuar sobre la informaci\u00f3n presentada a la retina a trav\u00e9s de nuestros ojos<\/span><\/h2><\/blockquote>\t\t\t\t\t\t\t\t<\/div>\n\t\t\t\t<\/div>\n\t\t\t\t\t<\/div>\n\t\t<\/div>\n\t\t\t\t\t<\/div>\n\t\t<\/section>\n\t\t\t\t<section class=\"elementor-section elementor-top-section elementor-element elementor-element-08610d1 elementor-section-boxed elementor-section-height-default elementor-section-height-default\" data-id=\"08610d1\" data-element_type=\"section\" data-e-type=\"section\" data-settings=\"{&quot;background_background&quot;:&quot;classic&quot;}\">\n\t\t\t\t\t\t\t<div class=\"elementor-background-overlay\"><\/div>\n\t\t\t\t\t\t\t<div class=\"elementor-container elementor-column-gap-default\">\n\t\t\t\t\t<div class=\"elementor-column elementor-col-100 elementor-top-column elementor-element elementor-element-b32876a\" data-id=\"b32876a\" data-element_type=\"column\" data-e-type=\"column\">\n\t\t\t<div class=\"elementor-widget-wrap elementor-element-populated\">\n\t\t\t\t\t\t<div class=\"elementor-element elementor-element-f9203e8 elementor-widget__width-initial elementor-widget elementor-widget-text-editor\" data-id=\"f9203e8\" data-element_type=\"widget\" data-e-type=\"widget\" data-widget_type=\"text-editor.default\">\n\t\t\t\t<div class=\"elementor-widget-container\">\n\t\t\t\t\t\t\t\t\t<h3 style=\"text-align: center;\"><span style=\"color: #00ccff;\"><span style=\"color: #3366ff;\">A trav\u00e9s de la<\/span> Eficacia Visual <span style=\"color: #3366ff;\">del paciente<\/span> <span style=\"color: #3366ff;\">analizamos el estado de la<\/span> Agudeza Visual, la Motricidad Ocular, el Enfoque y la Integraci\u00f3n Binocular<\/span>\u00a0<\/h3>\t\t\t\t\t\t\t\t<\/div>\n\t\t\t\t<\/div>\n\t\t\t\t<div class=\"elementor-element elementor-element-ddae3e3 elementor-widget__width-initial elementor-widget elementor-widget-text-editor\" data-id=\"ddae3e3\" data-element_type=\"widget\" data-e-type=\"widget\" data-widget_type=\"text-editor.default\">\n\t\t\t\t<div class=\"elementor-widget-container\">\n\t\t\t\t\t\t\t\t\t<h3><span style=\"color: #3366ff;\">Podemos detectar:<\/span><\/h3><ul><li><h3><span style=\"color: #3366ff;\">Si necesita gafas o lentillas\u00a0<\/span><\/h3><\/li><li><h3><span style=\"color: #3366ff;\">Si tiene estrabismo\u00a0<\/span><\/h3><\/li><li><h3><span style=\"color: #3366ff;\">Si tiene ojo vago( Ambliop\u00eda)<\/span><\/h3><\/li><li><h3><span style=\"color: #3366ff;\">Si ve doble o borroso\u00a0<\/span><\/h3><\/li><li><h3><span style=\"color: #3366ff;\">Si tiene s\u00edntomas como dolores de cabeza, v\u00e9rtigos, enrojecimiento ocular, fatiga visual&#8230; asociados a problemas de la funci\u00f3n visual.<\/span><\/h3><\/li><\/ul>\t\t\t\t\t\t\t\t<\/div>\n\t\t\t\t<\/div>\n\t\t\t\t\t<\/div>\n\t\t<\/div>\n\t\t\t\t\t<\/div>\n\t\t<\/section>\n\t\t\t\t<\/div>\n\t\t","protected":false},"excerpt":{"rendered":"<p>La visi\u00f3n es la capacidad global del cerebro para extraer, procesar y actuar sobre la informaci\u00f3n presentada a la retina a trav\u00e9s de nuestros ojos A trav\u00e9s de la Eficacia Visual del paciente analizamos el estado de la Agudeza Visual, la Motricidad Ocular, el Enfoque y la Integraci\u00f3n Binocular\u00a0 Podemos detectar: Si necesita gafas o&hellip; <br \/> <a class=\"read-more\" href=\"https:\/\/www.terapiavisualyauditiva.com\/?page_id=219\">Leer m\u00e1s<\/a><\/p>\n","protected":false},"author":1,"featured_media":0,"parent":0,"menu_order":0,"comment_status":"closed","ping_status":"closed","template":"","meta":{"footnotes":""},"class_list":["post-219","page","type-page","status-publish","hentry"],"yoast_head":"<!-- This site is optimized with the Yoast SEO plugin v27.4 - https:\/\/yoast.com\/product\/yoast-seo-wordpress\/ -->\n<title>Evaluaci\u00f3n de la funci\u00f3n visual - Terapia Visual y Auditiva El Rest\u00f3n (Valdemoro)<\/title>\n<meta name=\"robots\" content=\"index, follow, max-snippet:-1, max-image-preview:large, max-video-preview:-1\" \/>\n<link rel=\"canonical\" href=\"https:\/\/www.terapiavisualyauditiva.com\/?page_id=219\" \/>\n<meta property=\"og:locale\" content=\"es_ES\" \/>\n<meta property=\"og:type\" content=\"article\" \/>\n<meta property=\"og:title\" content=\"Evaluaci\u00f3n de la funci\u00f3n visual - Terapia Visual y Auditiva El Rest\u00f3n (Valdemoro)\" \/>\n<meta property=\"og:description\" content=\"La visi\u00f3n es la capacidad global del cerebro para extraer, procesar y actuar sobre la informaci\u00f3n presentada a la retina a trav\u00e9s de nuestros ojos A trav\u00e9s de la Eficacia Visual del paciente analizamos el estado de la Agudeza Visual, la Motricidad Ocular, el Enfoque y la Integraci\u00f3n Binocular\u00a0 Podemos detectar: Si necesita gafas o&hellip; Leer m\u00e1s\" \/>\n<meta property=\"og:url\" content=\"https:\/\/www.terapiavisualyauditiva.com\/?page_id=219\" \/>\n<meta property=\"og:site_name\" content=\"Terapia Visual y Auditiva El Rest\u00f3n (Valdemoro)\" \/>\n<meta property=\"article:modified_time\" content=\"2021-06-02T10:58:48+00:00\" \/>\n<meta name=\"twitter:card\" content=\"summary_large_image\" \/>\n<script type=\"application\/ld+json\" class=\"yoast-schema-graph\">{\"@context\":\"https:\\\/\\\/schema.org\",\"@graph\":[{\"@type\":\"WebPage\",\"@id\":\"https:\\\/\\\/www.terapiavisualyauditiva.com\\\/?page_id=219\",\"url\":\"https:\\\/\\\/www.terapiavisualyauditiva.com\\\/?page_id=219\",\"name\":\"Evaluaci\u00f3n de la funci\u00f3n visual - Terapia Visual y Auditiva El Rest\u00f3n (Valdemoro)\",\"isPartOf\":{\"@id\":\"https:\\\/\\\/www.terapiavisualyauditiva.com\\\/#website\"},\"datePublished\":\"2021-05-12T07:52:38+00:00\",\"dateModified\":\"2021-06-02T10:58:48+00:00\",\"breadcrumb\":{\"@id\":\"https:\\\/\\\/www.terapiavisualyauditiva.com\\\/?page_id=219#breadcrumb\"},\"inLanguage\":\"es\",\"potentialAction\":[{\"@type\":\"ReadAction\",\"target\":[\"https:\\\/\\\/www.terapiavisualyauditiva.com\\\/?page_id=219\"]}]},{\"@type\":\"BreadcrumbList\",\"@id\":\"https:\\\/\\\/www.terapiavisualyauditiva.com\\\/?page_id=219#breadcrumb\",\"itemListElement\":[{\"@type\":\"ListItem\",\"position\":1,\"name\":\"Portada\",\"item\":\"https:\\\/\\\/www.terapiavisualyauditiva.com\\\/\"},{\"@type\":\"ListItem\",\"position\":2,\"name\":\"Evaluaci\u00f3n de la funci\u00f3n visual\"}]},{\"@type\":\"WebSite\",\"@id\":\"https:\\\/\\\/www.terapiavisualyauditiva.com\\\/#website\",\"url\":\"https:\\\/\\\/www.terapiavisualyauditiva.com\\\/\",\"name\":\"Terapia Visual y Auditiva El Rest\u00f3n (Valdemoro)\",\"description\":\"\",\"publisher\":{\"@id\":\"https:\\\/\\\/www.terapiavisualyauditiva.com\\\/#organization\"},\"potentialAction\":[{\"@type\":\"SearchAction\",\"target\":{\"@type\":\"EntryPoint\",\"urlTemplate\":\"https:\\\/\\\/www.terapiavisualyauditiva.com\\\/?s={search_term_string}\"},\"query-input\":{\"@type\":\"PropertyValueSpecification\",\"valueRequired\":true,\"valueName\":\"search_term_string\"}}],\"inLanguage\":\"es\"},{\"@type\":\"Organization\",\"@id\":\"https:\\\/\\\/www.terapiavisualyauditiva.com\\\/#organization\",\"name\":\"Terapia Visual y Auditiva El Rest\u00f3n (Valdemoro)\",\"url\":\"https:\\\/\\\/www.terapiavisualyauditiva.com\\\/\",\"logo\":{\"@type\":\"ImageObject\",\"inLanguage\":\"es\",\"@id\":\"https:\\\/\\\/www.terapiavisualyauditiva.com\\\/#\\\/schema\\\/logo\\\/image\\\/\",\"url\":\"http:\\\/\\\/www.terapiavisualyauditiva.com\\\/wp-content\\\/uploads\\\/2021\\\/04\\\/kisspng-the-mind-games-men-play-with-women-jigsaw-puzzle-brain-5a6ec4f1c0d563.2137539415172088177899.png\",\"contentUrl\":\"http:\\\/\\\/www.terapiavisualyauditiva.com\\\/wp-content\\\/uploads\\\/2021\\\/04\\\/kisspng-the-mind-games-men-play-with-women-jigsaw-puzzle-brain-5a6ec4f1c0d563.2137539415172088177899.png\",\"width\":260,\"height\":280,\"caption\":\"Terapia Visual y Auditiva El Rest\u00f3n (Valdemoro)\"},\"image\":{\"@id\":\"https:\\\/\\\/www.terapiavisualyauditiva.com\\\/#\\\/schema\\\/logo\\\/image\\\/\"}}]}<\/script>\n<!-- \/ Yoast SEO plugin. -->","yoast_head_json":{"title":"Evaluaci\u00f3n de la funci\u00f3n visual - Terapia Visual y Auditiva El Rest\u00f3n (Valdemoro)","robots":{"index":"index","follow":"follow","max-snippet":"max-snippet:-1","max-image-preview":"max-image-preview:large","max-video-preview":"max-video-preview:-1"},"canonical":"https:\/\/www.terapiavisualyauditiva.com\/?page_id=219","og_locale":"es_ES","og_type":"article","og_title":"Evaluaci\u00f3n de la funci\u00f3n visual - Terapia Visual y Auditiva El Rest\u00f3n (Valdemoro)","og_description":"La visi\u00f3n es la capacidad global del cerebro para extraer, procesar y actuar sobre la informaci\u00f3n presentada a la retina a trav\u00e9s de nuestros ojos A trav\u00e9s de la Eficacia Visual del paciente analizamos el estado de la Agudeza Visual, la Motricidad Ocular, el Enfoque y la Integraci\u00f3n Binocular\u00a0 Podemos detectar: Si necesita gafas o&hellip; Leer m\u00e1s","og_url":"https:\/\/www.terapiavisualyauditiva.com\/?page_id=219","og_site_name":"Terapia Visual y Auditiva El Rest\u00f3n (Valdemoro)","article_modified_time":"2021-06-02T10:58:48+00:00","twitter_card":"summary_large_image","schema":{"@context":"https:\/\/schema.org","@graph":[{"@type":"WebPage","@id":"https:\/\/www.terapiavisualyauditiva.com\/?page_id=219","url":"https:\/\/www.terapiavisualyauditiva.com\/?page_id=219","name":"Evaluaci\u00f3n de la funci\u00f3n visual - Terapia Visual y Auditiva El Rest\u00f3n (Valdemoro)","isPartOf":{"@id":"https:\/\/www.terapiavisualyauditiva.com\/#website"},"datePublished":"2021-05-12T07:52:38+00:00","dateModified":"2021-06-02T10:58:48+00:00","breadcrumb":{"@id":"https:\/\/www.terapiavisualyauditiva.com\/?page_id=219#breadcrumb"},"inLanguage":"es","potentialAction":[{"@type":"ReadAction","target":["https:\/\/www.terapiavisualyauditiva.com\/?page_id=219"]}]},{"@type":"BreadcrumbList","@id":"https:\/\/www.terapiavisualyauditiva.com\/?page_id=219#breadcrumb","itemListElement":[{"@type":"ListItem","position":1,"name":"Portada","item":"https:\/\/www.terapiavisualyauditiva.com\/"},{"@type":"ListItem","position":2,"name":"Evaluaci\u00f3n de la funci\u00f3n visual"}]},{"@type":"WebSite","@id":"https:\/\/www.terapiavisualyauditiva.com\/#website","url":"https:\/\/www.terapiavisualyauditiva.com\/","name":"Terapia Visual y Auditiva El Rest\u00f3n (Valdemoro)","description":"","publisher":{"@id":"https:\/\/www.terapiavisualyauditiva.com\/#organization"},"potentialAction":[{"@type":"SearchAction","target":{"@type":"EntryPoint","urlTemplate":"https:\/\/www.terapiavisualyauditiva.com\/?s={search_term_string}"},"query-input":{"@type":"PropertyValueSpecification","valueRequired":true,"valueName":"search_term_string"}}],"inLanguage":"es"},{"@type":"Organization","@id":"https:\/\/www.terapiavisualyauditiva.com\/#organization","name":"Terapia Visual y Auditiva El Rest\u00f3n (Valdemoro)","url":"https:\/\/www.terapiavisualyauditiva.com\/","logo":{"@type":"ImageObject","inLanguage":"es","@id":"https:\/\/www.terapiavisualyauditiva.com\/#\/schema\/logo\/image\/","url":"http:\/\/www.terapiavisualyauditiva.com\/wp-content\/uploads\/2021\/04\/kisspng-the-mind-games-men-play-with-women-jigsaw-puzzle-brain-5a6ec4f1c0d563.2137539415172088177899.png","contentUrl":"http:\/\/www.terapiavisualyauditiva.com\/wp-content\/uploads\/2021\/04\/kisspng-the-mind-games-men-play-with-women-jigsaw-puzzle-brain-5a6ec4f1c0d563.2137539415172088177899.png","width":260,"height":280,"caption":"Terapia Visual y Auditiva El Rest\u00f3n (Valdemoro)"},"image":{"@id":"https:\/\/www.terapiavisualyauditiva.com\/#\/schema\/logo\/image\/"}}]}},"_links":{"self":[{"href":"https:\/\/www.terapiavisualyauditiva.com\/index.php?rest_route=\/wp\/v2\/pages\/219","targetHints":{"allow":["GET"]}}],"collection":[{"href":"https:\/\/www.terapiavisualyauditiva.com\/index.php?rest_route=\/wp\/v2\/pages"}],"about":[{"href":"https:\/\/www.terapiavisualyauditiva.com\/index.php?rest_route=\/wp\/v2\/types\/page"}],"author":[{"embeddable":true,"href":"https:\/\/www.terapiavisualyauditiva.com\/index.php?rest_route=\/wp\/v2\/users\/1"}],"replies":[{"embeddable":true,"href":"https:\/\/www.terapiavisualyauditiva.com\/index.php?rest_route=%2Fwp%2Fv2%2Fcomments&post=219"}],"version-history":[{"count":55,"href":"https:\/\/www.terapiavisualyauditiva.com\/index.php?rest_route=\/wp\/v2\/pages\/219\/revisions"}],"predecessor-version":[{"id":649,"href":"https:\/\/www.terapiavisualyauditiva.com\/index.php?rest_route=\/wp\/v2\/pages\/219\/revisions\/649"}],"wp:attachment":[{"href":"https:\/\/www.terapiavisualyauditiva.com\/index.php?rest_route=%2Fwp%2Fv2%2Fmedia&parent=219"}],"curies":[{"name":"wp","href":"https:\/\/api.w.org\/{rel}","templated":true}]}}