{"id":102,"date":"2021-04-28T10:43:50","date_gmt":"2021-04-28T10:43:50","guid":{"rendered":"http:\/\/www.terapiavisualyauditiva.com\/?page_id=102"},"modified":"2025-07-23T10:45:34","modified_gmt":"2025-07-23T10:45:34","slug":"equipo","status":"publish","type":"page","link":"https:\/\/www.terapiavisualyauditiva.com\/?page_id=102","title":{"rendered":"Equipo"},"content":{"rendered":"\t\t<div data-elementor-type=\"wp-page\" data-elementor-id=\"102\" class=\"elementor elementor-102\">\n\t\t\t\t\t\t<section class=\"elementor-section elementor-top-section elementor-element elementor-element-bc5a989 elementor-section-boxed elementor-section-height-default elementor-section-height-default\" data-id=\"bc5a989\" data-element_type=\"section\" data-e-type=\"section\">\n\t\t\t\t\t\t<div class=\"elementor-container elementor-column-gap-default\">\n\t\t\t\t\t<div class=\"elementor-column elementor-col-100 elementor-top-column elementor-element elementor-element-1eb09f3\" data-id=\"1eb09f3\" data-element_type=\"column\" data-e-type=\"column\">\n\t\t\t<div class=\"elementor-widget-wrap elementor-element-populated\">\n\t\t\t\t\t\t<div class=\"elementor-element elementor-element-e1208e8 elementor-widget elementor-widget-text-editor\" data-id=\"e1208e8\" data-element_type=\"widget\" data-e-type=\"widget\" data-widget_type=\"text-editor.default\">\n\t\t\t\t<div class=\"elementor-widget-container\">\n\t\t\t\t\t\t\t\t\t<h3 style=\"text-align: center;\"><span style=\"color: #3366ff;\">El equipo del centro de Terapia Visual y Auditiva Valdemoro est\u00e1 especializada en el diagn\u00f3stico y tratamiento de los problemas visuales y auditivos que pueden tener un ni\u00f1o o un adulto a cualquier edad<\/span><\/h3><h3 style=\"text-align: center;\"><span style=\"color: #3366ff;\">Realizamos diferentes tratamientos tales como: Terapia Visual, Ortoqueratolog\u00eda, Desarrollo Motor, Fototerapia, Reeducaci\u00f3n Auditiva&#8230;\u00a0<\/span><\/h3><h3 style=\"text-align: center;\"><span style=\"color: #3366ff;\">El equipo est\u00e1 formado por especialistas en Optometr\u00eda y Audiolog\u00eda, con formaci\u00f3n al m\u00e1s alto nivel y ofrecemos servicios personalizados que se adaptan a las necesidades de cada paciente\u00a0<\/span><\/h3>\t\t\t\t\t\t\t\t<\/div>\n\t\t\t\t<\/div>\n\t\t\t\t\t<\/div>\n\t\t<\/div>\n\t\t\t\t\t<\/div>\n\t\t<\/section>\n\t\t\t\t<section class=\"elementor-section elementor-top-section elementor-element elementor-element-ed65b96 elementor-section-boxed elementor-section-height-default elementor-section-height-default\" data-id=\"ed65b96\" data-element_type=\"section\" data-e-type=\"section\">\n\t\t\t\t\t\t<div class=\"elementor-container elementor-column-gap-default\">\n\t\t\t\t\t<div class=\"elementor-column elementor-col-100 elementor-top-column elementor-element elementor-element-fe06016\" data-id=\"fe06016\" data-element_type=\"column\" data-e-type=\"column\">\n\t\t\t<div class=\"elementor-widget-wrap elementor-element-populated\">\n\t\t\t\t\t\t<div class=\"elementor-element elementor-element-7a9796d elementor-widget elementor-widget-text-editor\" data-id=\"7a9796d\" data-element_type=\"widget\" data-e-type=\"widget\" data-widget_type=\"text-editor.default\">\n\t\t\t\t<div class=\"elementor-widget-container\">\n\t\t\t\t\t\t\t\t\t<h3 style=\"text-align: center;\"><span style=\"color: #000080;\">M\u00aa Yolanda Obispo Mar\u00eda\u00a0<\/span><\/h3>\t\t\t\t\t\t\t\t<\/div>\n\t\t\t\t<\/div>\n\t\t\t\t<div class=\"elementor-element elementor-element-b6b51c6 elementor-widget elementor-widget-text-editor\" data-id=\"b6b51c6\" data-element_type=\"widget\" data-e-type=\"widget\" data-widget_type=\"text-editor.default\">\n\t\t\t\t<div class=\"elementor-widget-container\">\n\t\t\t\t\t\t\t\t\t<ul><li style=\"text-align: left;\"><p><strong><span style=\"color: #000000;\">Directora cl\u00ednica del centro<\/span><\/strong><\/p><\/li><li style=\"text-align: left;\"><p><strong><span style=\"color: #000000;\">Diplomada en \u00d3ptica en la U.C.M.<\/span><\/strong><\/p><\/li><li style=\"text-align: left;\"><p><strong><span style=\"color: #000000;\">Diplomada en \u00d3ptica y Optometr\u00eda por la Universidad de Granada\u00a0<\/span><\/strong><\/p><\/li><li style=\"text-align: left;\"><p><strong><span style=\"color: #000000;\">Certificado de aptitud sobre innovaci\u00f3n en Optometr\u00eda: Aspectos f\u00edsicos farmacol\u00f3gicos y patol\u00f3gicos por la Universidad de Granada\u00a0<\/span><\/strong><\/p><\/li><li style=\"text-align: left;\"><p><strong><span style=\"color: #000000;\">Diploma en postgrado de especializaci\u00f3n en contactolog\u00eda por la Universidad Polit\u00e9cnica de Catalu\u00f1a<\/span><\/strong><\/p><\/li><li style=\"text-align: left;\"><p><strong><span style=\"color: #000000;\">M\u00e1ster en optometr\u00eda y terapia visual por el centro de Optometr\u00eda Internacional\u00a0<\/span><\/strong><\/p><\/li><li style=\"text-align: left;\"><p><strong><span style=\"color: #000000;\">M\u00e1ster en alta especializaci\u00f3n en Optometr\u00eda Comportamental y Terapia Visual dirigida por el Dr. Robert Sanet<\/span><\/strong><\/p><\/li><li style=\"text-align: left;\"><p><strong><span style=\"color: #000000;\">Formaci\u00f3n continuada de especializaci\u00f3n en Rehabilitaci\u00f3n Neuro-Optom\u00e9trica, y Restauraci\u00f3n Postural por el Dr. Larry Wallace<\/span><\/strong><\/p><\/li><li style=\"text-align: left;\"><p><strong><span style=\"color: #000000;\">Conexi\u00f3n mente ojo en el procesamiento visual. Evaluaci\u00f3n y procedimientos por la Dra. Devorah Zelinsky<\/span><\/strong><\/p><\/li><li style=\"text-align: left;\"><p><strong><span style=\"color: #000000;\">Tratamiento de la Endotrop\u00eda, Exotrop\u00eda y Ambliop\u00eda por el Dr. David Cook\u00a0<\/span><\/strong><\/p><\/li><li style=\"text-align: left;\"><p><strong><span style=\"color: #000000;\">\u00a0Entrenamiento Optom\u00e9trico de la Atenci\u00f3n y la Memoria Visual por el Dr. Raymond Gottlieb\u00a0<\/span><\/strong><\/p><\/li><\/ul>\t\t\t\t\t\t\t\t<\/div>\n\t\t\t\t<\/div>\n\t\t\t\t<div class=\"elementor-element elementor-element-e7a069e elementor-widget elementor-widget-text-editor\" data-id=\"e7a069e\" data-element_type=\"widget\" data-e-type=\"widget\" data-widget_type=\"text-editor.default\">\n\t\t\t\t<div class=\"elementor-widget-container\">\n\t\t\t\t\t\t\t\t\t<h3 style=\"text-align: center;\"><strong><span style=\"color: #000080;\">Miguel \u00c1ngel Rodr\u00edguez<\/span><\/strong><\/h3><ul><li style=\"text-align: left;\"><strong><span style=\"color: #000000;\">&#8211; AUDI\u00d3LOGO<\/span><\/strong><\/li><li style=\"text-align: left;\"><strong><span style=\"color: #000000;\">&#8211; ESPECIALISTA EN REEDUCACI\u00d3N AUDITIVA<\/span><\/strong><\/li><\/ul><h3 style=\"text-align: center;\"><strong><span style=\"color: #000080;\">Mar\u00eda Teresa L\u00f3pez Clemente\u00a0<\/span><\/strong><\/h3><ul><li><strong><span style=\"color: #000000;\">DIPLOMADA EN \u00d3PTICA Y OPTOMETR\u00cdA POR LA UCM\u00a0<\/span><\/strong><\/li><li><strong><span style=\"color: #000000;\">T\u00c9CNICO SUPERIOR EN AUDIOLOG\u00cdAPOR EL INSTITUTO BENJAM\u00cdN R\u00daA DE MOSTOLES<\/span><\/strong><\/li><li><strong><span style=\"color: #000000;\">CURSO DE ESPECIALIZACI\u00d3N EN EDUCACI\u00d3N AUDITIVA<\/span><\/strong><\/li><\/ul>\t\t\t\t\t\t\t\t<\/div>\n\t\t\t\t<\/div>\n\t\t\t\t\t<\/div>\n\t\t<\/div>\n\t\t\t\t\t<\/div>\n\t\t<\/section>\n\t\t\t\t<\/div>\n\t\t","protected":false},"excerpt":{"rendered":"<p>El equipo del centro de Terapia Visual y Auditiva Valdemoro est\u00e1 especializada en el diagn\u00f3stico y tratamiento de los problemas visuales y auditivos que pueden tener un ni\u00f1o o un adulto a cualquier edad Realizamos diferentes tratamientos tales como: Terapia Visual, Ortoqueratolog\u00eda, Desarrollo Motor, Fototerapia, Reeducaci\u00f3n Auditiva&#8230;\u00a0 El equipo est\u00e1 formado por especialistas en Optometr\u00eda&hellip; <br \/> <a class=\"read-more\" href=\"https:\/\/www.terapiavisualyauditiva.com\/?page_id=102\">Leer m\u00e1s<\/a><\/p>\n","protected":false},"author":1,"featured_media":0,"parent":0,"menu_order":0,"comment_status":"closed","ping_status":"closed","template":"","meta":{"footnotes":""},"class_list":["post-102","page","type-page","status-publish","hentry"],"yoast_head":"<!-- This site is optimized with the Yoast SEO plugin v27.4 - https:\/\/yoast.com\/product\/yoast-seo-wordpress\/ -->\n<title>Equipo - Terapia Visual y Auditiva El Rest\u00f3n (Valdemoro)<\/title>\n<meta name=\"robots\" content=\"index, follow, max-snippet:-1, max-image-preview:large, max-video-preview:-1\" \/>\n<link rel=\"canonical\" href=\"https:\/\/www.terapiavisualyauditiva.com\/?page_id=102\" \/>\n<meta property=\"og:locale\" content=\"es_ES\" \/>\n<meta property=\"og:type\" content=\"article\" \/>\n<meta property=\"og:title\" content=\"Equipo - Terapia Visual y Auditiva El Rest\u00f3n (Valdemoro)\" \/>\n<meta property=\"og:description\" content=\"El equipo del centro de Terapia Visual y Auditiva Valdemoro est\u00e1 especializada en el diagn\u00f3stico y tratamiento de los problemas visuales y auditivos que pueden tener un ni\u00f1o o un adulto a cualquier edad Realizamos diferentes tratamientos tales como: Terapia Visual, Ortoqueratolog\u00eda, Desarrollo Motor, Fototerapia, Reeducaci\u00f3n Auditiva&#8230;\u00a0 El equipo est\u00e1 formado por especialistas en Optometr\u00eda&hellip; Leer m\u00e1s\" \/>\n<meta property=\"og:url\" content=\"https:\/\/www.terapiavisualyauditiva.com\/?page_id=102\" \/>\n<meta property=\"og:site_name\" content=\"Terapia Visual y Auditiva El Rest\u00f3n (Valdemoro)\" \/>\n<meta property=\"article:modified_time\" content=\"2025-07-23T10:45:34+00:00\" \/>\n<meta name=\"twitter:card\" content=\"summary_large_image\" \/>\n<meta name=\"twitter:label1\" content=\"Tiempo de lectura\" \/>\n\t<meta name=\"twitter:data1\" content=\"2 minutos\" \/>\n<script type=\"application\/ld+json\" class=\"yoast-schema-graph\">{\"@context\":\"https:\\\/\\\/schema.org\",\"@graph\":[{\"@type\":\"WebPage\",\"@id\":\"https:\\\/\\\/www.terapiavisualyauditiva.com\\\/?page_id=102\",\"url\":\"https:\\\/\\\/www.terapiavisualyauditiva.com\\\/?page_id=102\",\"name\":\"Equipo - Terapia Visual y Auditiva El Rest\u00f3n (Valdemoro)\",\"isPartOf\":{\"@id\":\"https:\\\/\\\/www.terapiavisualyauditiva.com\\\/#website\"},\"datePublished\":\"2021-04-28T10:43:50+00:00\",\"dateModified\":\"2025-07-23T10:45:34+00:00\",\"breadcrumb\":{\"@id\":\"https:\\\/\\\/www.terapiavisualyauditiva.com\\\/?page_id=102#breadcrumb\"},\"inLanguage\":\"es\",\"potentialAction\":[{\"@type\":\"ReadAction\",\"target\":[\"https:\\\/\\\/www.terapiavisualyauditiva.com\\\/?page_id=102\"]}]},{\"@type\":\"BreadcrumbList\",\"@id\":\"https:\\\/\\\/www.terapiavisualyauditiva.com\\\/?page_id=102#breadcrumb\",\"itemListElement\":[{\"@type\":\"ListItem\",\"position\":1,\"name\":\"Portada\",\"item\":\"https:\\\/\\\/www.terapiavisualyauditiva.com\\\/\"},{\"@type\":\"ListItem\",\"position\":2,\"name\":\"Equipo\"}]},{\"@type\":\"WebSite\",\"@id\":\"https:\\\/\\\/www.terapiavisualyauditiva.com\\\/#website\",\"url\":\"https:\\\/\\\/www.terapiavisualyauditiva.com\\\/\",\"name\":\"Terapia Visual y Auditiva El Rest\u00f3n (Valdemoro)\",\"description\":\"\",\"publisher\":{\"@id\":\"https:\\\/\\\/www.terapiavisualyauditiva.com\\\/#organization\"},\"potentialAction\":[{\"@type\":\"SearchAction\",\"target\":{\"@type\":\"EntryPoint\",\"urlTemplate\":\"https:\\\/\\\/www.terapiavisualyauditiva.com\\\/?s={search_term_string}\"},\"query-input\":{\"@type\":\"PropertyValueSpecification\",\"valueRequired\":true,\"valueName\":\"search_term_string\"}}],\"inLanguage\":\"es\"},{\"@type\":\"Organization\",\"@id\":\"https:\\\/\\\/www.terapiavisualyauditiva.com\\\/#organization\",\"name\":\"Terapia Visual y Auditiva El Rest\u00f3n (Valdemoro)\",\"url\":\"https:\\\/\\\/www.terapiavisualyauditiva.com\\\/\",\"logo\":{\"@type\":\"ImageObject\",\"inLanguage\":\"es\",\"@id\":\"https:\\\/\\\/www.terapiavisualyauditiva.com\\\/#\\\/schema\\\/logo\\\/image\\\/\",\"url\":\"http:\\\/\\\/www.terapiavisualyauditiva.com\\\/wp-content\\\/uploads\\\/2021\\\/04\\\/kisspng-the-mind-games-men-play-with-women-jigsaw-puzzle-brain-5a6ec4f1c0d563.2137539415172088177899.png\",\"contentUrl\":\"http:\\\/\\\/www.terapiavisualyauditiva.com\\\/wp-content\\\/uploads\\\/2021\\\/04\\\/kisspng-the-mind-games-men-play-with-women-jigsaw-puzzle-brain-5a6ec4f1c0d563.2137539415172088177899.png\",\"width\":260,\"height\":280,\"caption\":\"Terapia Visual y Auditiva El Rest\u00f3n (Valdemoro)\"},\"image\":{\"@id\":\"https:\\\/\\\/www.terapiavisualyauditiva.com\\\/#\\\/schema\\\/logo\\\/image\\\/\"}}]}<\/script>\n<!-- \/ Yoast SEO plugin. -->","yoast_head_json":{"title":"Equipo - Terapia Visual y Auditiva El Rest\u00f3n (Valdemoro)","robots":{"index":"index","follow":"follow","max-snippet":"max-snippet:-1","max-image-preview":"max-image-preview:large","max-video-preview":"max-video-preview:-1"},"canonical":"https:\/\/www.terapiavisualyauditiva.com\/?page_id=102","og_locale":"es_ES","og_type":"article","og_title":"Equipo - Terapia Visual y Auditiva El Rest\u00f3n (Valdemoro)","og_description":"El equipo del centro de Terapia Visual y Auditiva Valdemoro est\u00e1 especializada en el diagn\u00f3stico y tratamiento de los problemas visuales y auditivos que pueden tener un ni\u00f1o o un adulto a cualquier edad Realizamos diferentes tratamientos tales como: Terapia Visual, Ortoqueratolog\u00eda, Desarrollo Motor, Fototerapia, Reeducaci\u00f3n Auditiva&#8230;\u00a0 El equipo est\u00e1 formado por especialistas en Optometr\u00eda&hellip; Leer m\u00e1s","og_url":"https:\/\/www.terapiavisualyauditiva.com\/?page_id=102","og_site_name":"Terapia Visual y Auditiva El Rest\u00f3n (Valdemoro)","article_modified_time":"2025-07-23T10:45:34+00:00","twitter_card":"summary_large_image","twitter_misc":{"Tiempo de lectura":"2 minutos"},"schema":{"@context":"https:\/\/schema.org","@graph":[{"@type":"WebPage","@id":"https:\/\/www.terapiavisualyauditiva.com\/?page_id=102","url":"https:\/\/www.terapiavisualyauditiva.com\/?page_id=102","name":"Equipo - Terapia Visual y Auditiva El Rest\u00f3n (Valdemoro)","isPartOf":{"@id":"https:\/\/www.terapiavisualyauditiva.com\/#website"},"datePublished":"2021-04-28T10:43:50+00:00","dateModified":"2025-07-23T10:45:34+00:00","breadcrumb":{"@id":"https:\/\/www.terapiavisualyauditiva.com\/?page_id=102#breadcrumb"},"inLanguage":"es","potentialAction":[{"@type":"ReadAction","target":["https:\/\/www.terapiavisualyauditiva.com\/?page_id=102"]}]},{"@type":"BreadcrumbList","@id":"https:\/\/www.terapiavisualyauditiva.com\/?page_id=102#breadcrumb","itemListElement":[{"@type":"ListItem","position":1,"name":"Portada","item":"https:\/\/www.terapiavisualyauditiva.com\/"},{"@type":"ListItem","position":2,"name":"Equipo"}]},{"@type":"WebSite","@id":"https:\/\/www.terapiavisualyauditiva.com\/#website","url":"https:\/\/www.terapiavisualyauditiva.com\/","name":"Terapia Visual y Auditiva El Rest\u00f3n (Valdemoro)","description":"","publisher":{"@id":"https:\/\/www.terapiavisualyauditiva.com\/#organization"},"potentialAction":[{"@type":"SearchAction","target":{"@type":"EntryPoint","urlTemplate":"https:\/\/www.terapiavisualyauditiva.com\/?s={search_term_string}"},"query-input":{"@type":"PropertyValueSpecification","valueRequired":true,"valueName":"search_term_string"}}],"inLanguage":"es"},{"@type":"Organization","@id":"https:\/\/www.terapiavisualyauditiva.com\/#organization","name":"Terapia Visual y Auditiva El Rest\u00f3n (Valdemoro)","url":"https:\/\/www.terapiavisualyauditiva.com\/","logo":{"@type":"ImageObject","inLanguage":"es","@id":"https:\/\/www.terapiavisualyauditiva.com\/#\/schema\/logo\/image\/","url":"http:\/\/www.terapiavisualyauditiva.com\/wp-content\/uploads\/2021\/04\/kisspng-the-mind-games-men-play-with-women-jigsaw-puzzle-brain-5a6ec4f1c0d563.2137539415172088177899.png","contentUrl":"http:\/\/www.terapiavisualyauditiva.com\/wp-content\/uploads\/2021\/04\/kisspng-the-mind-games-men-play-with-women-jigsaw-puzzle-brain-5a6ec4f1c0d563.2137539415172088177899.png","width":260,"height":280,"caption":"Terapia Visual y Auditiva El Rest\u00f3n (Valdemoro)"},"image":{"@id":"https:\/\/www.terapiavisualyauditiva.com\/#\/schema\/logo\/image\/"}}]}},"_links":{"self":[{"href":"https:\/\/www.terapiavisualyauditiva.com\/index.php?rest_route=\/wp\/v2\/pages\/102","targetHints":{"allow":["GET"]}}],"collection":[{"href":"https:\/\/www.terapiavisualyauditiva.com\/index.php?rest_route=\/wp\/v2\/pages"}],"about":[{"href":"https:\/\/www.terapiavisualyauditiva.com\/index.php?rest_route=\/wp\/v2\/types\/page"}],"author":[{"embeddable":true,"href":"https:\/\/www.terapiavisualyauditiva.com\/index.php?rest_route=\/wp\/v2\/users\/1"}],"replies":[{"embeddable":true,"href":"https:\/\/www.terapiavisualyauditiva.com\/index.php?rest_route=%2Fwp%2Fv2%2Fcomments&post=102"}],"version-history":[{"count":31,"href":"https:\/\/www.terapiavisualyauditiva.com\/index.php?rest_route=\/wp\/v2\/pages\/102\/revisions"}],"predecessor-version":[{"id":862,"href":"https:\/\/www.terapiavisualyauditiva.com\/index.php?rest_route=\/wp\/v2\/pages\/102\/revisions\/862"}],"wp:attachment":[{"href":"https:\/\/www.terapiavisualyauditiva.com\/index.php?rest_route=%2Fwp%2Fv2%2Fmedia&parent=102"}],"curies":[{"name":"wp","href":"https:\/\/api.w.org\/{rel}","templated":true}]}}